{"id":110,"date":"2007-05-02T21:32:29","date_gmt":"2007-05-02T19:32:29","guid":{"rendered":"http:\/\/www.krundalen.no\/blogg\/?page_id=110"},"modified":"2021-08-03T08:54:06","modified_gmt":"2021-08-03T06:54:06","slug":"upubliserte-faglege-arbeid","status":"publish","type":"page","link":"https:\/\/www.krundalen.no\/blogg\/tekstar\/upubliserte-faglege-arbeid\/","title":{"rendered":"3 Uprenta faglege arbeid"},"content":{"rendered":"<p>(2021). <em>Jostedalen \u2013 a brief historical overview.<\/em> Upublisert f\u00f8redrag p\u00e5 vertskapsseminar for reiselivstilsette, Breheimsenteret 3.8.2021. [<a href=\"http:\/\/www.krundalen.no\/blogg\/wp-content\/uploads\/2021\/08\/Jostedalen-\u2013-a-brief-historical-overview-2021.pdf\">presentasjon<\/a>]<\/p>\n<p>(2019). <em>Hadde 34,1 prosent av folkeskuleelevane nynorsk i 1944?<\/em>\u00a0Sesjonsinnlegg p\u00e5 M\u00f8te om norsk spr\u00e5k (MONS), Trondheim 28.11.2019.<\/p>\n<p>(2019). <em>Kommentar til &laquo;Bauta. H\u00f8yanger Kjemiske Industriarbeiderforening 1986-2016&raquo;.<\/em> Innlegg p\u00e5 lanseringsseminar, H\u00f8yanger 1.4.2019.<\/p>\n<p>(2019). <em>Ei klimakrise for 250 \u00e5r sidan \u2013 konsekvensar av den vesle istida i Jostedalen.<\/em> F\u00f8redrag p\u00e5 Statsarkivet i Bergen, 6.3.2019.<\/p>\n<p>(2019). <em>Dansk i svensketida.<\/em> Innlegg p\u00e5 lanseringa av Norsk spr\u00e5khistorie I-IV, Nasjonalbiblioteket i Oslo 22.1.2019. [<a href=\"http:\/\/krohnargument.no\/2019\/01\/23\/dansk-i-svensketida\/\">fulltekst<\/a>]<\/p>\n<p>(2018). <em>Eit samanliknande blikk p\u00e5 dei fire Garborg-musea.<\/em> Upublisert sesjonsinnlegg p\u00e5 Norske historiedagar, Kristiansand\u00a01.\u20133.6.2018.<\/p>\n<p>(2018). <em>Orden i eige hus. Historiefaglege, kulturelle og forskingsmessige konsekvensar for kjeldematerialet etter kommunereforma.<\/em> Upublisert f\u00f8redrag p\u00e5 Kontaktkonferansen til Fylkesarkivet i Sogn og Fjordane, Sogndal 29.5.2018. [<a href=\"https:\/\/www.fylkesarkivet.no\/kontaktkonferansen-2018.6123426-384267.html\">presentasjon<\/a>]<\/p>\n<p>(2018). <em>Soga om Sogn og Fjordane. Det store l\u00e6rarfylket.<\/em> Upublisert f\u00f8redrag p\u00e5 seminar i Vestlandske samfunnsfaglag, Bergen 20.3.2018.<\/p>\n<p>(2018). <em>Soga om Sogn og Fjordane. Annleisfylket.<\/em> Laurdagsf\u00f8rdraget, Luster bibliotek, Gaupne 17.3.2018.<\/p>\n<p>(2018).\u00a0<em>Soga om Sogn og Fjordane: Kvifor vart me annleis?\u00a0<\/em>Upublisert f\u00f8redrag for Senioruniversitetet i F\u00f8rde, 14.2.2018.<\/p>\n<p>(2017).\u00a0<em>Striden mellom junggrammatikken og strukturalismen i norsk spr\u00e5kforsking fr\u00e5 1930- til 1960-\u00e5ra<\/em>. Upublisert innlegg p\u00e5 M\u00f8te om norsk spr\u00e5k (MONS), Solstrand 22.11.2017. [<a href=\"http:\/\/www.krundalen.no\/blogg\/wp-content\/uploads\/2011\/03\/Oddmund-MONS-presentasjon-2017.pdf\">presentasjon<\/a>]<\/p>\n<p>(2017). <em>Flor\u00f8 og fylket. Kyst og tettstadutvikling i Sogn og Fjordane etter 1945.<\/em> Upublisert f\u00f8redrag p\u00e5 lanseringa av &laquo;Historia om Flora&raquo;, band 3, Flora samfunnshus 9.11.2017. [<a href=\"http:\/\/www.krundalen.no\/blogg\/wp-content\/uploads\/2007\/05\/Lansering-Flora-bd-3-10nov17-Oddmund-Hoel.pdf\">presentasjon<\/a>]<\/p>\n<p>(2017). <em>Language on display: cultural and didactic relevance? Nynorsk author museums<\/em>. Paper on TRAUM Workshop, Hamar\u00f8y 14.\u201317.9.2017. \u2013 Saman med Eli Bj\u00f8rhusdal<\/p>\n<p>(2017). <em>Jostedalen \u2013 a brief historical overview.<\/em> Upublisert f\u00f8redrag p\u00e5 informasjonsm\u00f8te for reiselivstilsette, Breheimsenteret 9.7.2017. [<a href=\"http:\/\/www.krundalen.no\/blogg\/wp-content\/uploads\/2011\/03\/Hoel-Jostedalen-\u2013-a-brief-historical-overview.pdf\">presentasjon<\/a>]<\/p>\n<p>(2017). <em>Kvifor sein og fragmentert elektrifisering i Sogn og Fjordane f\u00f8r 1945? <\/em>Upublisert sesjonsinnlegg p\u00e5 Norske historiedagar, Trondheim 24.\u201326.6.2017.\u00a0[<a href=\"https:\/\/www.idunn.no\/heimen\/2018\/02\/store_verdiar_til_liten_nytte\">fulltekst av artikkelversjon 2018, Idunn<\/a>]<\/p>\n<p>(2017). <em>Eit spr\u00e5kpolitisk tilbakeblikk. <\/em>F\u00f8redrag p\u00e5 Vinterseminaret til Noregs M\u00e5llag, Bryne 11.\u201312.2.2017. [<a href=\"http:\/\/www.krundalen.no\/blogg\/wp-content\/uploads\/2007\/05\/Oddmund-Bryne-11feb17-manus-og-presentasjon.pdf\">manus og presentasjon<\/a>]<\/p>\n<p>(2016). <em>Language on display: cultural and didactic relevance?<\/em> Paper on TRAUM Symposium and Workshop, Oslo 20.\u201321.9.2016. \u2013 Saman med Eli Bj\u00f8rhusdal<\/p>\n<p>(2016). <em>Fylkesbaatane som f\u00f8red\u00f8me. Alternativ modernisering i Sogn og Fjordane?<\/em> Upublisert sesjonsinnlegg p\u00e5 Fjordkonferansen, Loen 21.\u201322.6.2016.<\/p>\n<p>(2016). <em>L\u00e6raren som inntak til regionale skilnader. Sogn og Fjordane som d\u00f8me.<\/em> Upublisert sesjonsinnlegg p\u00e5 Norske historiedagar, Volda 15.\u201317.6.2016. \u2013 Saman med Gunnar Yttri<\/p>\n<p>(2015). <em>Jostedalen i bistandshistorisk perspektiv.<\/em> Upublisert f\u00f8redrag for leiargruppa i Kirkens N\u00f8dhjelp, Jostedal hotell 19.8.2015.<\/p>\n<p>(2015). <em>Krigen i Luster og Sogn.<\/em> Upublisert f\u00f8redrag p\u00e5 m\u00f8te i Luster pensjonistlag, Jostedal hotell 26.6.2015.<\/p>\n<p>(2014). <em>1814 sett fr\u00e5 Nordre Bergenhus.<\/em> Upublisert f\u00f8relesing for Senioruniversitetet i F\u00f8rde, 12.11.2014. [<a href=\"http:\/\/www.krundalen.no\/blogg\/wp-content\/uploads\/2011\/03\/1814-sett-fr\u00e5-Nordre-Bergenhus-F\u00f8rde-18nov14.pdf\">presentasjon<\/a>] [<a href=\"http:\/\/www.krundalen.no\/blogg\/?page_id=1157\">omtale av artikkel<\/a>]<\/p>\n<p>(2014). <em>Luster i 1814.<\/em> Upublisert laurdagsf\u00f8redrag p\u00e5 Luster bibliotek, 8.11.2014. [<a href=\"http:\/\/www.krundalen.no\/blogg\/?page_id=1157\">omtale av artikkel<\/a>]<\/p>\n<p>(2014). <em>\u00c5ret 1814 i Sogn. <\/em>Upublisert f\u00f8redrag p\u00e5 1814-seminar i L\u00e6rdal kulturhus. Arr: 1814-nemnda i L\u00e6rdal og H\u00f8gskulen i Sogn og Fjordane. [<a href=\"http:\/\/www.krundalen.no\/blogg\/wp-content\/uploads\/2007\/05\/\u00c5ret-1814-i-Sogn-L\u00e6rdal-19juni14.pdf\">presentasjon<\/a>]\u00a0[<a href=\"http:\/\/www.krundalen.no\/blogg\/?page_id=1157\">omtale av artikkel<\/a>]<\/p>\n<p>(2014). <em>1814 i Jostedalen: val til Eidsvoll, ein auksjon i Kroken og ein oppfarande prest.<\/em> Upublisert f\u00f8redrag p\u00e5 Grunnlovskveld i Berget, Jostedalen, 12. juni 2014. Arr: Jostedal historielag, Jostedal helselag, Folkeakademiet i Luster og Luster bibliotek. [<a href=\"http:\/\/www.krundalen.no\/blogg\/?page_id=1157\">omtale av artikkel<\/a>]<\/p>\n<p>(2014). <em>Tettstadutvikling og industrialisering i Sogn og Fjordane 1885-1945.<\/em> Upublisert f\u00f8redrag p\u00e5 seminaret &laquo;\u00d8konomisk og regional utvikling i Sogn og Fjordane 1850-2000&raquo;, Stryn 30.1.2014.<\/p>\n<p>(2013). <em>Framveksten av demokratiet i Sogn og Fjordane.<\/em> Upublisert f\u00f8redrag p\u00e5 Gaularseminaret, \u00c5mot operagard, 5.11.2013. [<a href=\"http:\/\/www.krundalen.no\/blogg\/?page_id=1110\">presentasjon<\/a>]<\/p>\n<p>(2013). <em>Nasjonsbyggjing p\u00e5 norsk.<\/em> Upublisert f\u00f8redrag p\u00e5 seminaret &laquo;M\u00e5lreising, fridomsstrev og nasjonsbyggjing&raquo; i h\u00f8ve 200-\u00e5rsminnet for Ivar Aasen, Vestmannalaget, Litteraturhuset i Bergen 27.09.2013. [<a href=\"http:\/\/www.litthusbergen.no\/program\/ukedager\/fredag\/vestmannalaget\/\">program<\/a>]<\/p>\n<p>(2013). <em>Kommunesamansl\u00e5inga i 1963.<\/em> Upublisert tale p\u00e5 festmiddag for kommunestyret og r\u00e5dmannsgruppa i Luster, Jostedal hotell 21.9.2013. \u2013 \u00d2g halde i omarbeidde versjonar p\u00e5 middag i h\u00f8ve 40-\u00e5rsjubileet i Luster pensjonistlag 25.10.2013 og p\u00e5 jubileumstilstelling for kommunestyret 19.12.2013. [<a href=\"http:\/\/www.krundalen.no\/blogg\/?page_id=1138\">omtale<\/a>]<\/p>\n<p>(2013). <em>K\u00e5seri om Ivar Aasen.<\/em> Ivar Aasen-kveld i skulehuset i Prestgarden, Jostedal historielag, 19.9.2013. [<a href=\"http:\/\/www.historielaget.jostedal.no\/?p=2843\">program<\/a>]<\/p>\n<p>(2013). <em>Den tvitydige moderniseringa. Politikk og kultur i Sogn og Fjordane fram til andre verdskrigen.<\/em> Folk og fylke f\u00f8r og no. Seminar i h\u00f8ve 250-\u00e5rsjubileet til Sogn og Fjordane fylke, H\u00f8gskulen i Sogn og Fjordane 18.9.2013. [<a href=\"http:\/\/www.sfj250.no\/folk-og-fylkefor-og-no-historieseminar\">program<\/a>]<\/p>\n<p>(2013). <em>Er det nynorske byproblemet eit B\u00f8-problem?<\/em> Upublisert f\u00f8redrag p\u00e5 m\u00f8te i B\u00f8 m\u00e5llag, B\u00f8 i Telemark, 11.9.2013.<\/p>\n<p>(2013). <em>Spr\u00e5ket i nasjonsbygginga &#8211; kampen for nynorsk i dag.<\/em> Upublisert f\u00f8redrag p\u00e5 seminaret &laquo;Stemmene i spr\u00e5ket&raquo;, Diktardagar Lom-Skj\u00e5k-V\u00e5g\u00e5, 1.8.2013. [<a href=\"http:\/\/www.diktardagar.no\/litteraturseminar-stemmene-i-spraaket.5175978-276962.html\">program<\/a>]<\/p>\n<p>(2013). <em>M\u00e5lreisinga i Sogn og Fjordane 1870\u20131900 &#8211; om Sogndal som regionalt og nasjonalt m\u00e5lreisingssentrum.<\/em> Upublisert f\u00f8redrag p\u00e5 Seniordansen til Sogndal folkeh\u00f8gskule, 18.6.2013. [<a href=\"http:\/\/www.krundalen.no\/blogg\/?page_id=1115\">fulltekst<\/a>]<\/p>\n<p>(2013). <em>Kulturelle og politiske skilnader i Sogn og Fjordane kring 1900.<\/em> Upublisert sesjonsinnlegg p\u00e5 Norske historiedagar, 3.-5.5.2013 i Sogndal.<\/p>\n<p>(2013). <em>Rolla til Sogn i den tidlegaste m\u00e5lreisinga.<\/em> Upublisert f\u00f8redrag p\u00e5 m\u00f8te 13.2.2013 i h\u00f8ve Spr\u00e5k\u00e5ret, Sogndal bibliotek og Sogndal m\u00e5llag. [<a href=\"http:\/\/www.krundalen.no\/blogg\/?page_id=1115\">fulltekst<\/a>]<\/p>\n<p>(2012).\u00a0<em>M\u00e5l og modernisering. Norsk m\u00e5lsoge p\u00e5 1800- og 1900-talet.<\/em>\u00a0Upublisert f\u00f8redrag p\u00e5 samling for norskl\u00e6rarar ved Firda og Valdres, Sogndal 18.10.2012 [<a href=\"http:\/\/www.krundalen.no\/blogg\/wp-content\/uploads\/2011\/03\/Maalsoge-innlegg-Sogndal-18okt2012.pptx\">presentasjon<\/a>]<\/p>\n<p>(2012). <em>Det lokale, 1814 og Grunnlova &#8211; bakgrunnen for prosjektet.<\/em> Upublisert innlegg p\u00e5 forfattarseminar for prosjektet &laquo;Det lokale, 1814 og Grunnlova&raquo;, Volda 7.-8.9.2012.\u00a0[<a href=\"http:\/\/www.hit.no\/nor\/HiT\/Forskning\/Forskningsaktiviteter\/Spraak-litteratur-og-historie\/1814\">Om prosjektet<\/a>]<\/p>\n<p>(2012). <em>Kva er viktig for dei nynorske kjerneomr\u00e5da?<\/em>\u00a0Upublisert innleiing p\u00e5 sumarleiren til Norsk M\u00e5lungdom, Jostedalen 14.7.2012.<\/p>\n<p>(2012). <em>Med breen i tunet. Kulturhistorisk vandring i Mj\u00f8lvergrendi.<\/em> Upublisert f\u00f8redrag under Norsk brefestival, Jostedalen 17.6.2012. [<a href=\"http:\/\/www.krundalen.no\/blogg\/?page_id=983\">hefte og kjeldeliste<\/a>]<\/p>\n<p>(2012).\u00a0<em>Milit\u00e6rpolitikken sin innverknad p\u00e5 tilh\u00f8vet mellom arbeidarr\u00f8rsla og m\u00e5lr\u00f8rsla fr\u00e5 1890-\u00e5ra til kring 1920.<\/em>\u00a0Upublisert f\u00f8redrag under seminaret \u201dArbeiderhistorie \u2013 nasjonal, internasjonal og transnasjonal\u201d, Norske historiedagar, Bod\u00f8 4.-6.5.2012. [<a href=\"http:\/\/www.krundalen.no\/blogg\/?page_id=1098\">tidsskriftversjon 2013<\/a>]<\/p>\n<p>(2012).\u00a0<em>Kongeleg naudhjelp til Jostedalen. Brevekst og krise i 1740-\u00e5ra.<\/em>\u00a0Upublisert f\u00f8redrag i Jostedal historielag, 1.3.2012. [<a href=\"http:\/\/www.krundalen.no\/blogg\/?page_id=964\">presentasjon og kjelder<\/a>]<\/p>\n<p>(2011). <em>Language conflict and urbanization in Norway 1885-1930. <\/em>Paper on The 101st Annual Meeting of The Society for the Advancement of Scandinavian Study, Chicago, April 28-30, 2011.<\/p>\n<p>(2011). <em>International prototypes for the New Norwegian language movement 1860-1920.<\/em> Paper &#8211; Workshop on &laquo;Language Revival Movements in Europe&raquo;, hosted by the Institute for Research in Irish Historical &amp; Cultural Traditions, University of Ireland, Maynooth, March\u00a010-11, 2011.<\/p>\n<p>(2011). <em>Byproblemet til m\u00e5lr\u00f8rsla. <\/em>Uprenta innlegg p\u00e5 Nynorsk fagdag, Oslo 18.2.2011. [<a href=\"http:\/\/www.krundalen.no\/blogg\/?page_id=811\">prenta versjon<\/a>]<\/p>\n<p>(2010). <em>Sokneprest til fots. Ei strevsam visitasferd i 1745. <\/em>Upublisert\u00a0tale p\u00e5 &laquo;bispegraut&raquo; i Jostedal samfunnshus 6.11.2010. [<a href=\"http:\/\/www.krundalen.no\/blogg\/?page_id=762\">prenta versjon<\/a>]<\/p>\n<p>(2010). <em>Det ringaste prestekallet i landet. Om korleis allmuge og prest i Jostedalen m\u00e5tte stri for f\u00f8da p\u00e5 16- og 1700-talet. <\/em>Upublisert f\u00f8redrag p\u00e5 Eldredagen i Luster, 1.10.2010.<\/p>\n<p>(2010). <em>Studentm\u00e5llaget 110 \u00e5r. SmiO-soga p\u00e5 30 minutt. <\/em>Upublisert innlegg p\u00e5 Haustseminar i Noregs M\u00e5llag\/Jubileumsseminar i Studentm\u00e5llaget i Oslo, Oslo 4.9.2010. [<a href=\"http:\/\/www.krundalen.no\/blogg\/?page_id=736\">fulltekst<\/a>]<\/p>\n<p>(2010). <em>Noko om prestelivet i Jostedalen p\u00e5 16- og 1700-talet, og mest om den ulukkelege Matthias Foss. <\/em>Uprenta k\u00e5seri p\u00e5 festkvelden til Jostdal sokner\u00e5d p\u00e5 Breheimsenteret 26.6.2010 i h\u00f8ve lanseringa av boka om Jostedal kyrkje. [<a href=\"http:\/\/www.krundalen.no\/blogg\/?page_id=720\">fulltekst<\/a>]<\/p>\n<p>(2010). <em>The Norwegian Language Question. <\/em>Paper &#8211; Workshop on &laquo;Language Revival Movements in Europe&raquo;, hosted by the Study Platform on Interlocking Nationalisms (SPIN), University of Amsterdam 4.6.2010.<\/p>\n<p>(2009). <em>M\u00e5lreising og modernisering i Noreg 1885-1940. <\/em>Presentasjon av avhandlinga p\u00e5 disputas for ph.d-graden, Noregs teknisk-vitskaplege universitet, Trondheim 20. november 2009. [<a href=\"http:\/\/www.krundalen.no\/blogg\/?page_id=590\">fulltekst<\/a>]<\/p>\n<p>(2009). <em>M\u00e5l og maskulinitet. Kj\u00f8nnsperspektiv p\u00e5 m\u00e5lsaka som ideologisk, kulturelt, spr\u00e5kleg og organisatorisk fenomen 1885-1940. <\/em>Uprenta pr\u00f8vef\u00f8relesing (oppgjeve emne) for ph.d.-graden 20.11.2009, Noregs teknisk-naturvitskaplege universitet, Trondheim. [<a href=\"http:\/\/www.krundalen.no\/blogg\/?page_id=601\">fulltekst<\/a>]<\/p>\n<p>(2009). <em>M\u00e5lstrid, modernisering og rasjonalitet. <\/em>Uprenta essay p\u00e5 ph.d.-kurset \u201cVitskapsteori og profesjonsetikk&raquo;, H\u00f8gskolen i Oslo. [<a href=\"http:\/\/www.krundalen.no\/blogg\/?page_id=468\">fulltekst<\/a>]<\/p>\n<p>(2006). <em>Det Norske Samlaget mellom spr\u00e5kpolitikk og forlagsverksemd.<\/em> Uprenta tale p\u00e5 \u00e5rsm\u00f8tet i Det Norske Samlaget, Oslo 28.4.2006. [<a href=\"http:\/\/www.krundalen.no\/blogg\/?page_id=75\">fulltekst<\/a>]<\/p>\n<p>(2005). <em>Utviklinga av ytre norsk spr\u00e5khistorie som forskingsdisiplin. <\/em>Uprenta essay p\u00e5 ph.d.-kurset &laquo;Forsking og samfunn&raquo;, NTNU. [<a href=\"http:\/\/www.krundalen.no\/blogg\/?page_id=80\">fulltekst<\/a>]<\/p>\n<p>(2005). <em>Kollektivt minne som faktor i norsk m\u00e5lstrid. Ein studie med utgangspunkt i stortingsdebatten om jamstellingsvedtaket 1885. <\/em>Uprenta essay p\u00e5 ph.d.-kurset &laquo;Kontinuitet og endring som studiefelt&raquo;, NTNU. [<a href=\"http:\/\/www.krundalen.no\/blogg\/?page_id=77\">fulltekst<\/a>]<\/p>\n<p>(2005). M\u00e5lr\u00f8rsla i etablerings- og stordomsfasen. Uprenta notat til seminar om sosiale r\u00f8rsler, Universitetet i Oslo 5.12.2005.<\/p>\n<p>(2005). <em>Bakgrunnen for riksm\u00e5lsaksjonen hausten 1899. <\/em>Uprenta innlegg p\u00e5 den nasjonale spr\u00e5kkonferansen MONS 11, Bergen 24.-26.11.2005. [<a href=\"http:\/\/www.krundalen.no\/blogg\/?page_id=88\">fulltekst<\/a>]<\/p>\n<p>(2005). <em>Dei nynorske intellektuelle. <\/em>Uprenta f\u00f8relesing (presentasjon) for masterstudiet i nynorsk skriftkultur, Ivar Aasen-instituttet, H\u00f8gskulen i Volda 5.10.2005.\u00a0[<a href=\"http:\/\/www.krundalen.no\/blogg\/?page_id=144\">presentasjon<\/a>]<\/p>\n<p>(2005). <em>Sogn &#8211; h\u00f8gborg for unionsradikalisme og republikanisme? <\/em>Uprenta f\u00f8redrag p\u00e5 seminaret &laquo;Unionsoppl\u00f8ysinga 1905 i eit lokalt og globalt perspektiv&raquo;, Historisk institutt ved H\u00f8gskulen i Volda og HIFO Nordvestlandet, Volda 25.5.2005. [<a href=\"http:\/\/www.krundalen.no\/blogg\/?page_id=145\">fulltekst<\/a>]<\/p>\n<p>(2005). <em>1905 i Sogn<\/em>. Uprenta tale p\u00e5 1905-fest p\u00e5 De Heibergske Samlinger &#8211; Sogn Folkemuseum, Kaupanger 11.5.2005. [<a href=\"http:\/\/www.krundalen.no\/blogg\/?page_id=147\">fulltekst<\/a>]<\/p>\n<p>(2005). <em>Fr\u00e5 r\u00f8rsle til spr\u00e5k &#8211; norsk m\u00e5lreising 1885-1950. <\/em>Uprenta f\u00f8redrag p\u00e5 HALVOPE: Det opne spr\u00e5ket ved halvvegen, konferanse ved H\u00f8gskulen i Volda, 18.2.2005. [<a href=\"http:\/\/www.krundalen.no\/blogg\/?page_id=148\">fulltekst<\/a>]<\/p>\n<p>(2004). <em>The Fortunes of the Nynorsk Language in Norway 1885-1950. <\/em>Uprenta f\u00f8redrag i seminarrekkja til University of Wales Centre for Advanced Welsh &amp; Celtic Studies, Aberystwyth, Wales, 16.12.2004. [<a href=\"http:\/\/www.krundalen.no\/blogg\/?page_id=150\">fulltekst<\/a>]<\/p>\n<p>(1996). <em>Nasjonalisme i norsk m\u00e5lstrid 1848-1865.<\/em> Uprenta f\u00f8redrag i Studentm\u00e5llaget i Oslo og Oslo m\u00e5llag, Blindern 16.10.1996.<\/p>\n<p>(1996). <em>Ivar Aasen &#8211; ein nasjonalromantikar?<\/em> F\u00f8redrag i Laurdagsforum, popul\u00e6rvitskapleg f\u00f8redragsrekkje ved Avd. for nordisk spr\u00e5k og litteratur, Universitetet i Oslo, 12.10.96.<\/p>\n<p>(1996). <em>Marcus Jacob Monrad som spr\u00e5kpolitikar. M\u00e5lstriden i 1850- og 60-\u00e5ra gjennom augo til ein anti-helt. <\/em>F\u00f8redrag p\u00e5 spr\u00e5kleg instituttseminar, Avd. for nordisk spr\u00e5k og litteratur, Universitetet i Oslo, 26.4.1996. \u2013 <a href=\"http:\/\/www.krundalen.no\/blogg\/?page_id=81\">Artikkel 1998<\/a>.<\/p>\n<p>(1996). <em>Tradisjonalismen og striden om det nasjonale etter 1814. <\/em>F\u00f8redrag p\u00e5 &laquo;Den internasjonale Ivar Aasen-konferansen&raquo;, Oslo 14.-16.11.1996. \u2013 <a href=\"http:\/\/www.krundalen.no\/blogg\/?page_id=86\">Artikkel p\u00e5 engelsk 1997<\/a>.<\/p>\n<p>(1996). <em>Ivar Aasen som nasjonalist. <\/em>F\u00f8redrag p\u00e5 seminarrekkja til prosjektet &laquo;Utviklinga av ein norsk nasjonal identitet p\u00e5 1800-talet, Universitetet i Oslo, 7.10.1996. \u2013 <a href=\"http:\/\/www.krundalen.no\/blogg\/?page_id=83\">Artikkel 1998<\/a>.<\/p>\n<p>(1995). <em>I skuggen av Aasen? Knud Knudsen og det dansk-norske m\u00e5lstrevet 1845-1965. <\/em>Uprenta innlegg p\u00e5 den nasjonale spr\u00e5kkonferansen MONS 6, Bergen 23.-25.11.1995.<\/p>\n<p>(1995). <em>Nasjonalisme i norsk m\u00e5lstrid p\u00e5 1800-talet. <\/em>Uprenta f\u00f8redrag p\u00e5 konferansen &laquo;Nationalismen og sekelskiftet 1900&raquo;, Europaprogrammet, Universitetet i G\u00f6teborg 19.-20.5.1995.<\/p>\n<p>(1994). <em>Fr\u00e5 motekultur til motkultur. Landsm\u00e5let og det nasjonale i m\u00e5lstriden 1850-1870. <\/em>Uprenta f\u00f8redrag p\u00e5 seminarrekkja til prosjektet &laquo;Utviklinga av ein norsk nasjonal identitet p\u00e5 1800-talet, Universitetet i Oslo, april 1994.<\/p>\n","protected":false},"excerpt":{"rendered":"<p>(2021). Jostedalen \u2013 a brief historical overview. Upublisert f\u00f8redrag p\u00e5 vertskapsseminar for reiselivstilsette, Breheimsenteret 3.8.2021. [presentasjon] (2019). Hadde 34,1 prosent av folkeskuleelevane nynorsk i 1944?\u00a0Sesjonsinnlegg p\u00e5 M\u00f8te om norsk spr\u00e5k (MONS), Trondheim 28.11.2019. (2019). Kommentar til &laquo;Bauta. H\u00f8yanger Kjemiske Industriarbeiderforening &hellip; <a href=\"https:\/\/www.krundalen.no\/blogg\/tekstar\/upubliserte-faglege-arbeid\/\">Les meir <span class=\"meta-nav\">&rarr;<\/span><\/a><\/p>\n","protected":false},"author":2,"featured_media":0,"parent":30,"menu_order":3,"comment_status":"open","ping_status":"open","template":"","meta":{"_acf_changed":false,"footnotes":""},"class_list":["post-110","page","type-page","status-publish","hentry"],"acf":[],"_links":{"self":[{"href":"https:\/\/www.krundalen.no\/blogg\/wp-json\/wp\/v2\/pages\/110"}],"collection":[{"href":"https:\/\/www.krundalen.no\/blogg\/wp-json\/wp\/v2\/pages"}],"about":[{"href":"https:\/\/www.krundalen.no\/blogg\/wp-json\/wp\/v2\/types\/page"}],"author":[{"embeddable":true,"href":"https:\/\/www.krundalen.no\/blogg\/wp-json\/wp\/v2\/users\/2"}],"replies":[{"embeddable":true,"href":"https:\/\/www.krundalen.no\/blogg\/wp-json\/wp\/v2\/comments?post=110"}],"version-history":[{"count":69,"href":"https:\/\/www.krundalen.no\/blogg\/wp-json\/wp\/v2\/pages\/110\/revisions"}],"predecessor-version":[{"id":1654,"href":"https:\/\/www.krundalen.no\/blogg\/wp-json\/wp\/v2\/pages\/110\/revisions\/1654"}],"up":[{"embeddable":true,"href":"https:\/\/www.krundalen.no\/blogg\/wp-json\/wp\/v2\/pages\/30"}],"wp:attachment":[{"href":"https:\/\/www.krundalen.no\/blogg\/wp-json\/wp\/v2\/media?parent=110"}],"curies":[{"name":"wp","href":"https:\/\/api.w.org\/{rel}","templated":true}]}}