{"id":111,"date":"2007-05-02T21:48:17","date_gmt":"2007-05-02T19:48:17","guid":{"rendered":"http:\/\/www.krundalen.no\/blogg\/?page_id=111"},"modified":"2020-12-03T00:24:07","modified_gmt":"2020-12-02T22:24:07","slug":"popul%c3%a6rfaglege-arbeid","status":"publish","type":"page","link":"https:\/\/www.krundalen.no\/blogg\/tekstar\/popul%c3%a6rfaglege-arbeid\/","title":{"rendered":"4 Popul\u00e6rfaglege arbeid"},"content":{"rendered":"<p>(2020). Samferdsle f\u00f8r bilen \u2013 skysstellet i Jostedalen. <em>Jostedal skule- og bygdeavis,<\/em> 75\u201377.<\/p>\n<p>(2020). Folkeh\u00f8gskulekvinna Mette Dahl \u2013 eit portrett. <em>\u00c5rbok for Sogn<\/em>, 32\u201359.<\/p>\n<p>(2019). Sogn og Fjordane. L\u00e6rarfylket. <em>Kjelda<\/em> (nr. 2), 22\u201327.\u00a0\u2013 Saman med Gunnar Yttri.<\/p>\n<p>(2019). Elvef\u00f8rebygging etter 1898-flaumen. <em>Jostedal skule- og bygdeavis<\/em> (nr. 63), 89\u201391.<\/p>\n<p>(2019). Valjuks i Jostedalen [i 1844]. <em>Jostedal skule- og bygdeavis<\/em> (nr. 63), 93.<\/p>\n<p>(2019). Dei nynorske prinsippa. <em>Norsk Tidend<\/em> (nr. 1), 12\u201315. [<a href=\"https:\/\/issuu.com\/norsktidend\/docs\/nt-01-19\/12\">fulltekst<\/a>]<\/p>\n<p>(2018). 50 \u00e5r med sentralskule i Jostedalen. <em>Jostedal skule- og bygdeavis<\/em> (nr. 62), 84\u201385. [<a href=\"http:\/\/www.krundalen.no\/blogg\/wp-content\/uploads\/2018\/12\/JSA-2018-50-\u00e5r-sentralskule.pdf\">fulltekst<\/a>]<\/p>\n<p>(2018). Siste nytt fr\u00e5 1600-talet: Prestes\u00f8knaden til Henrik Nitter. <em>Jostedal skule- og bygdeavis<\/em> (nr. 62), 90\u201391. [<a href=\"http:\/\/www.krundalen.no\/blogg\/?page_id=1234\">fulltekst<\/a>]<\/p>\n<p>(2018). &laquo;Friluftsliv&raquo; i bygdene p\u00e5 1800-talet? <em>Turmagasinet 2018<\/em>. Sogn og Fjordane Turlag, 36\u201338. [<a href=\"https:\/\/issuu.com\/findriv\/docs\/turmagasinet_2018\/36\">fulltekst<\/a>]<\/p>\n<p>(2017). Siste nytt fr\u00e5 1600-talet: Klagebrev fr\u00e5 presten i 1667.\u00a0<em>Jostedal skule- og bygdeavis<\/em>\u00a0(nr. 61), 107\u2013108. [<a href=\"http:\/\/www.krundalen.no\/blogg\/?page_id=1234\">fullstekst<\/a>]<\/p>\n<p>(2017). Stor utvandring fr\u00e5 Jostedalen til Nord-Amerika.\u00a0<em>Jostedal skule- og bygdeavis<\/em>\u00a0(nr. 61), 104\u2013106.\u00a0[<a href=\"http:\/\/www.krundalen.no\/blogg\/wp-content\/uploads\/2011\/03\/Utvandring-JSA-2017.pdf\">fulltekst<\/a>]<\/p>\n<p>(2016). Siste nytt fr\u00e5 1600-talet: Mislukka kommunereform i 1630-\u00e5ra. <em>Jostedal skule- og bygdeavis<\/em> (nr. 60), 97\u201398. [<a href=\"http:\/\/www.krundalen.no\/blogg\/?page_id=1234\">fulltekst<\/a>]<\/p>\n<p>(2016). 100 \u00e5r sidan fyrste bilruta til Jostedalen. <em>Jostedal skule- og bygdeavis<\/em> (nr. 60), 88\u201390. [<a href=\"http:\/\/www.krundalen.no\/blogg\/wp-content\/uploads\/2007\/05\/JSA-2016-100-\u00e5r-sidan-fyrste-bilruta.pdf\">fulltekst<\/a>]<\/p>\n<p>(2015, 8. desember). Ap-soga i Luster [melding av <em>Bygdene og folket<\/em>]. <em>Sogn Avis<\/em>, s. 13.<\/p>\n<p>(2015). Siste nytt fr\u00e5 1600-talet: Den fyrste fattige josted\u00f8len. <em>Jostedal skule- og bygdeavis<\/em> (nr. 59), 116\u2013117. [<a href=\"http:\/\/www.krundalen.no\/blogg\/?page_id=1234\">fulltekst<\/a>]<\/p>\n<p>(2015). Unikt bilete av kyrkja og prestegarden har kome for ein dag. <em>Jostedal skule- og bygdeavis<\/em> (nr. 59), 112\u2013113. [<a href=\"http:\/\/www.krundalen.no\/blogg\/wp-content\/uploads\/2007\/05\/Baade-bilete-2015.pdf\">fulltekst<\/a>]<\/p>\n<p>(2014). 1814: Val til riksforsamlinga og &laquo;uordener&raquo; i Kroken. <em>Jostedal skule- og bygdeavis<\/em> (nr. 58), 92\u201395. [<a href=\"http:\/\/www.krundalen.no\/blogg\/wp-content\/uploads\/2007\/05\/1814-i-JSA-2014.pdf\">fulltekst <\/a>| <a href=\"http:\/\/www.krundalen.no\/blogg\/?page_id=1157\">omtale<\/a>]<\/p>\n<p>(2014). 100 \u00e5r sidan Jostedalen fekk telefon. <em>Jostedal skule- og bygdeavis<\/em> (nr. 58), 100\u2013105. [<a href=\"http:\/\/www.krundalen.no\/blogg\/wp-content\/uploads\/2007\/05\/Hoel-Telefon-100-\u00e5r-JSA-2014.pdf\">fulltekst<\/a>]<\/p>\n<p>(2014). Siste nytt fr\u00e5 1600-talet: Skatteting i \u00c5sen 1667. <em>Jostedal skule- og bygdeavis<\/em> (nr. 58), 107. [<a href=\"http:\/\/www.krundalen.no\/blogg\/?page_id=1234\">fulltekst<\/a>]<\/p>\n<p>(2014, 28. oktober). Sentraliserande kommunereform. <em>Sogn Avis<\/em> (kronikk). [<a href=\"http:\/\/www.krundalen.no\/blogg\/?p=1187\">fulltekst<\/a>]<\/p>\n<p>(2014, 18. mars). Bededagen i 1814 \u2013 ein studie i oppr\u00f8r. <em>Firda<\/em> (kronikk) \u2013\u00a0Saman med Jan Anders Timberlid. \u2013 \u00d2g prenta i <em>Firdaposten<\/em> (18.3.), <em>Sogn Avis<\/em> (19.3.), <em>Firda Tidend<\/em> (19.3.2014) og <em>Ytre Sogn<\/em> (25.3.2014). \u2013 F\u00f8lgt opp med debattinnlegg i <em>Sogn Avis<\/em> 31.3.2014. [<a href=\"http:\/\/www.hisf.no\/no\/for_tilsette\/arkiv_informasjon_til_tilsette\/bededagen_18_mars_1814_ein_studie_i_opproer\">fulltekst, kronikken<\/a>]\u00a0[<a href=\"http:\/\/www.krundalen.no\/blogg\/?page_id=1157\">om 1814-prosjektet<\/a>]<\/p>\n<p>(2013). Luster kommune 50 \u00e5r. <em>Lustranytt<\/em> (nr. 2), 2\u20135. \u2013 Saman med Hege Roll Hansen [<a href=\"http:\/\/www.krundalen.no\/blogg\/?page_id=1138\">fulltekst<\/a>]<\/p>\n<p>(2013). Ivar Aasen i Jostedalen 1855. <em>Jostedal skule- og bygdeavis <\/em>(nr. 57), 90. [<a href=\"http:\/\/www.historielaget.jostedal.no\/?page_id=2890\">fulltekst<\/a>]<\/p>\n<p>(2013). Jostedalen og kommunesamansl\u00e5inga i 1963. <em>Jostedal skule- og bygdeavis <\/em>(nr. 57), 93\u201395.\u00a0\u2013 Saman med Hege Roll Hansen [<a href=\"http:\/\/www.krundalen.no\/blogg\/?page_id=1138\">fulltekst<\/a>]<\/p>\n<p>(2013). Siste nytt fr\u00e5 1600-talet. Harde tider i Mj\u00f8lver alt p\u00e5 1600-talet. <em>Jostedal skule- og bygdeavis <\/em>(nr. 57), 96\u201397. [<a href=\"http:\/\/www.krundalen.no\/blogg\/?page_id=1234\">fulltekst<\/a>]<\/p>\n<p>(2013). Bygdefeminisme for stemmerett. <em>Kvinnestemmer fr\u00e5 Sogn og Fjordane<\/em> [nettstad]. \u2013 Saman med Eli Bj\u00f8rhusdal [<a href=\"http:\/\/kvinnestemmer.net\/bygdefeminisme-for-stemmerett\/\">fulltekst<\/a>]<\/p>\n<p>(2013). Fylkeshistoria \u00e5r for \u00e5r [notisar 1763\u20132013]. <em>Jubileumsavis for Sogn og Fjordane<\/em> (nr. 1), 3\u201347. \u2013 Saman med Hege Roll-Hansen, og Anders Timberlid [<a href=\"http:\/\/issuu.com\/findriv\/docs\/s_og_fj_jubileumsmagasin\">fulltekst<\/a>]<\/p>\n<p>(2012). Siste nytt fr\u00e5 1600-talet. H\u00f8yrde Jostedalen til Luster eller Hafslo etter nyryddinga? <em>Jostedal skule- og bygdeavis <\/em>(nr. 56), 107\u2013110. [<a href=\"http:\/\/www.krundalen.no\/blogg\/?page_id=1234\">fulltekst<\/a>]<\/p>\n<p>(2012, 11. oktober). Verdilaus forsking om \u00e9in karakter i norsk. <em>Bergens Tidende <\/em>[kronikk]. [<a href=\"http:\/\/www.krundalen.no\/blogg\/?p=1015\">fulltekst<\/a>]<\/p>\n<p>(2011). Gardar tekne av sn\u00f8skred i Jostedalen. <em>Jostedal skule- og bygdeavis <\/em>(nr. 55), 85\u201387. [<a href=\"http:\/\/www.krundalen.no\/artiklar\/2011-snoskred-JSA.pdf\">fulltekst<\/a>]<\/p>\n<p>(2011). Siste nytt fr\u00e5 1600-talet. Jostedalen del av Hafslo prestegjeld kring 1615. <em>Jostedal skule- og bygdeavis <\/em>(nr. 55), 87. [<a href=\"http:\/\/www.krundalen.no\/blogg\/?page_id=1234\">fulltekst<\/a>]<\/p>\n<p>(2011, 4. mars). Milit\u00e6rpolitikk framfor m\u00e5lsak. <em>Dag og Tid,<\/em> s. 22\u201323. [<a href=\"http:\/\/www.krundalen.no\/blogg\/?page_id=836\">fulltekst<\/a>]<\/p>\n<p>(2011, 3. mars). By og land \u2013 mann mot mann. <em>Bergens Tidende<\/em>, s. 7. [<a href=\"http:\/\/www.krundalen.no\/blogg\/wp-content\/uploads\/2007\/05\/BT-3mars11.pdf\">fulltekst<\/a>]<\/p>\n<p>(2010, 17. desember). Farvel til klammene [intervju med Oddmund L. Hoel, Grete Riise, Rolf Theil og Gro Morken Endresen]. <em>Dag og Tid, <\/em>s. 6\u20137. [<a href=\"http:\/\/dagogtid.no\/nyhet.cfm?nyhetid=1911\">fulltekst<\/a>]<\/p>\n<p>(2010). D\u00e5 Matthias Foss m\u00e5tte g\u00e5 til Dale p\u00e5 bispevisitas. <em>Jostedal skule- og bygdeavis <\/em>(nr. 54), 87\u201388. [<a href=\"http:\/\/www.krundalen.no\/blogg\/?page_id=762\">fulltekst<\/a>]<\/p>\n<p>(2010, 28. januar). Grisgrendtfylke nummer 1. <em>Bergens Tidende <\/em>[kronikk]. \u2013 Og prenta i <em>Nationen<\/em>, 30. januar. [<a href=\"http:\/\/www.krundalen.no\/blogg\/?p=639\">fulltekst<\/a>]<\/p>\n<p>(2009). Ny bok om rein og reinsjakt. <em>Jostedal skule- og bygdeavis<\/em> (nr. 53), 100.<\/p>\n<p>(2009). P\u00e5 jakt etter mellomalderkyrkja i Jostedalen [intervju med Stig Nordrumshaugen]. <em>Jostedal skule- og bygdeavis<\/em> (nr. 53), 94\u201395. [<a href=\"http:\/\/www.historielaget.jostedal.no\/?page_id=739\">fulltekst<\/a>]<\/p>\n<p>(2008). Straum i 50 \u00e5r. <em>Jostedal skule- og bygdeavis <\/em>(nr. 52), 88\u201389. [<a href=\"http:\/\/www.krundalen.no\/artiklar\/2008-straum-jostedalen.pdf\">fulltekst<\/a>]<\/p>\n<p>(2007, 18. mai). Motkultur [innlegg]. <em>Klassekampen<\/em>. [<a href=\"http:\/\/www.krundalen.no\/blogg\/?p=155\">fulltekst<\/a>]<\/p>\n<p>(2006). Jostedal m\u00e5llag 100 \u00e5r. <em>Jostedal skule- og bygdeavis<\/em> (nr. 50), 88\u201389. [<a href=\"http:\/\/www.krundalen.no\/blogg\/?page_id=53\">fulltekst<\/a>]<\/p>\n<p>(2006). Utsendingar fr\u00e5 Sogn og Fjordane p\u00e5 M\u00e5lmannsstemna 1906. <em>Kjelda<\/em> (3), 26\u201327. [<a href=\"http:\/\/www.krundalen.no\/blogg\/?page_id=917\">fulltekst<\/a>]<\/p>\n<p>(2006, 3. februar). D\u00e5 Noregs M\u00e5llag vart skipa [intervju]. <em>Stavanger Aftenblad Pluss<\/em>, 20-23. \u2013 \u00d2g prenta i <em>Bergens Tidende magasinet<\/em>, 11. februar, 36\u201337.<\/p>\n<p>(2005, 19. mai). Med lokal vri p\u00e5 1905 [intervju]. <em>Sogn Avis<\/em>.<\/p>\n<p>(2005). Store utfordringar for walisisk m\u00e5l. <em>Norsk Tidend<\/em> (nr. 1), 12\u201313.<\/p>\n<p>(2005). 1905 i Jostedalen. <em>Jostedal skule- og bygdeavis<\/em> (nr. 49), 6\u20137. [<a href=\"http:\/\/www.krundalen.no\/blogg\/?page_id=146\">fulltekst<\/a>]<\/p>\n<p>(1999). Digitalisering av nynorsk. M\u00e5lpolitikk og forlagsverksemd. <em>M\u00e5l og makt<\/em> (nr. 1), 14\u201316.<\/p>\n<p>(1998). M\u00e5lr\u00f8rsla gjennom 150 \u00e5r. <em>Motm\u00e6le<\/em> (nr. 5), 14\u201316.<\/p>\n<p>(1997). Utviklinga av landsm\u00e5let. I Helge Danielsen og Ruth Hemstad (red.), <em>Jakten p\u00e5 det norske. En utstilling om nasjonal identitet. Norsk folkemuseum, 23.10\u201301.02.98<\/em> (s. 27-31). Oslo: Museet.<\/p>\n<p>(1997). <em>Ivar Aasen. Livet, verket<\/em> [cd-rom]. Oslo: Samlaget. \u2013 Manus, redaksjon og prosjektleiing.<\/p>\n<p>(1996). Hovudfagsstudenten: Ressurs eller problem i spr\u00e5kforskinga ved INL? <em>Norskrift<\/em> (nr. 87), 29\u201341.<\/p>\n<p>(1996). Kva ville Aasen? I Asgjerd Ramsfjell Taksdal (red.), <em>Mannen og verket.<\/em> Skrifter fr\u00e5 var Aasen-\u00e5ret 1996, hefte 3 (s. 16\u201319). Oslo: Ivar Aasen-\u00e5ret 1996.<\/p>\n<p>(1994). 100 \u00e5r sidan fyrste h\u00f8gskuleeksamen p\u00e5 nynorsk. \u00abJamv\u00e6l gjentur med bym\u00e5l, vil skriva landsm\u00e5l til eksamen\u00bb. <em>Eg. Meldingsblad for norsk m\u00e5lungdom<\/em> (nr. 6), 15\u201317.<\/p>\n","protected":false},"excerpt":{"rendered":"<p>(2020). Samferdsle f\u00f8r bilen \u2013 skysstellet i Jostedalen. Jostedal skule- og bygdeavis, 75\u201377. (2020). Folkeh\u00f8gskulekvinna Mette Dahl \u2013 eit portrett. \u00c5rbok for Sogn, 32\u201359. (2019). Sogn og Fjordane. L\u00e6rarfylket. Kjelda (nr. 2), 22\u201327.\u00a0\u2013 Saman med Gunnar Yttri. (2019). Elvef\u00f8rebygging etter &hellip; <a href=\"https:\/\/www.krundalen.no\/blogg\/tekstar\/popul%c3%a6rfaglege-arbeid\/\">Les meir <span class=\"meta-nav\">&rarr;<\/span><\/a><\/p>\n","protected":false},"author":2,"featured_media":0,"parent":30,"menu_order":4,"comment_status":"open","ping_status":"open","template":"","meta":{"_acf_changed":false,"footnotes":""},"class_list":["post-111","page","type-page","status-publish","hentry"],"acf":[],"_links":{"self":[{"href":"https:\/\/www.krundalen.no\/blogg\/wp-json\/wp\/v2\/pages\/111"}],"collection":[{"href":"https:\/\/www.krundalen.no\/blogg\/wp-json\/wp\/v2\/pages"}],"about":[{"href":"https:\/\/www.krundalen.no\/blogg\/wp-json\/wp\/v2\/types\/page"}],"author":[{"embeddable":true,"href":"https:\/\/www.krundalen.no\/blogg\/wp-json\/wp\/v2\/users\/2"}],"replies":[{"embeddable":true,"href":"https:\/\/www.krundalen.no\/blogg\/wp-json\/wp\/v2\/comments?post=111"}],"version-history":[{"count":46,"href":"https:\/\/www.krundalen.no\/blogg\/wp-json\/wp\/v2\/pages\/111\/revisions"}],"predecessor-version":[{"id":1588,"href":"https:\/\/www.krundalen.no\/blogg\/wp-json\/wp\/v2\/pages\/111\/revisions\/1588"}],"up":[{"embeddable":true,"href":"https:\/\/www.krundalen.no\/blogg\/wp-json\/wp\/v2\/pages\/30"}],"wp:attachment":[{"href":"https:\/\/www.krundalen.no\/blogg\/wp-json\/wp\/v2\/media?parent=111"}],"curies":[{"name":"wp","href":"https:\/\/api.w.org\/{rel}","templated":true}]}}