{"id":1138,"date":"2014-01-06T14:08:11","date_gmt":"2014-01-06T12:08:11","guid":{"rendered":"http:\/\/www.krundalen.no\/blogg\/?page_id=1138"},"modified":"2016-12-13T15:31:49","modified_gmt":"2016-12-13T13:31:49","slug":"kommunesamanslainga-luster-hafslo-jostedalen-i-1963-under-utgjeving","status":"publish","type":"page","link":"https:\/\/www.krundalen.no\/blogg\/tekstar\/tidsskriftartiklar-faglege\/kommunesamanslainga-luster-hafslo-jostedalen-i-1963-under-utgjeving\/","title":{"rendered":"Kommunesamansl\u00e5inga Luster-Hafslo-Jostedalen i 1963 (2016)"},"content":{"rendered":"<p><a href=\"http:\/\/www.krundalen.no\/blogg\/wp-content\/uploads\/2014\/01\/Artikkel-fyrsteside.jpg\"><img loading=\"lazy\" decoding=\"async\" class=\"alignleft  wp-image-1403\" src=\"http:\/\/www.krundalen.no\/blogg\/wp-content\/uploads\/2014\/01\/Artikkel-fyrsteside-150x200.jpg\" alt=\"artikkel-fyrsteside\" width=\"204\" height=\"272\" srcset=\"https:\/\/www.krundalen.no\/blogg\/wp-content\/uploads\/2014\/01\/Artikkel-fyrsteside-150x200.jpg 150w, https:\/\/www.krundalen.no\/blogg\/wp-content\/uploads\/2014\/01\/Artikkel-fyrsteside-300x399.jpg 300w, https:\/\/www.krundalen.no\/blogg\/wp-content\/uploads\/2014\/01\/Artikkel-fyrsteside.jpg 659w\" sizes=\"(max-width: 204px) 100vw, 204px\" \/><\/a>I h\u00f8ve 50-\u00e5rsjubileet for storkommunen Luster vart Hege Roll-Hansen og eg spurde av kommunen om gjere ei historiefagleg gransking av samansl\u00e5ingsprosessen. Artikkelen vart skriven i 2012\/13 og prenta i 2016.<\/p>\n<p><strong>Hovudpublikasjon<\/strong><\/p>\n<p>Roll-Hansen, Hege, og Oddmund L. Hoel. (2016). Kommunesamansl\u00e5inga i 1963. <em>Luster. Lokalhistorisk \u00e5rbok<\/em> (nr. 7), 67\u201384.<\/p>\n<p><em>Innhald:<\/em> Kommuneinndelingane fram til 1940 \/\/ Kommuneinndelingskomiteen \/\/ Schei-komiteen i Sogn og Fjordane 1963 \/\/ Framlegga 1957 og 1959 \/\/ Samansl\u00e5ingsprosessen \/\/ Kommunevala i 1962, 1963 og 1967 \/\/ Etter samansl\u00e5inga: Den nye kommunen sine vurderingar \/\/ Avslutning \/\/ Kjelder og litteratur<\/p>\n<p><strong>Mindre artiklar<\/strong><\/p>\n<p>Roll-Hansen, Hege og Oddmund L. Hoel. (2013). Luster kommune 50 \u00e5r. <em>Lustranytt<\/em> (nr. 2), 2\u20135. [<a href=\"http:\/\/www.krundalen.no\/blogg\/wp-content\/uploads\/2014\/01\/Lustranytt-kommunen-50-\u00e5r.pdf\">fulltekst (pdf)<\/a> | <a href=\"http:\/\/www.luster.kommune.no\/les-lustranytt-her.4862958-168642.html\">heile heftet<\/a>]<\/p>\n<p>Hoel, Oddmund L. og Hege Roll-Hansen. (2013). Jostedalen og kommunesamansl\u00e5inga i 1963. <em>Jostedal skule- og bygdeavis <\/em>(nr. 57), 93\u201395. [<a href=\"http:\/\/www.krundalen.no\/blogg\/wp-content\/uploads\/2014\/01\/Komm-samansl-JSA.pdf\">fulltekst (pdf)<\/a>]<\/p>\n<p><strong>F\u00f8redrag <\/strong><\/p>\n<p>Hoel, Oddmund L. (2013). <i>Luster kommune 50 \u00e5r \u2013 samansl\u00e5inga i 1963.<\/i> Upublisert festtale p\u00e5 50-\u00e5rsjubileet for kommunestyret i Luster 19.12.2013. \u2013 Sendt direkte p\u00e5 Radio Luster.<\/p>\n<p>Hoel, Oddmund L. (2013). <em>Kommunesamansl\u00e5inga i Luster i 1963.<\/em> Upublisert tale p\u00e5 festmiddag i h\u00f8ve 40-\u00e5rsjubileet til Luster pensjonistlag 25.10.2013.<\/p>\n<p>Hoel, Oddmund L. (2013). <em>Kommunesamansl\u00e5inga i 1963.<\/em> Upublisert tale p\u00e5 festmiddag for kommunestyret og r\u00e5dmannsgruppa i Luster, Jostedal hotell 21.9.2013.<\/p>\n<p>Roll-Hansen, Hege. (2013). <em>Statlig styring og lokal motstand \u2013 om demokrati, teknokrati og forhandling om kommunegrenser. <\/em>Upublisert sesjonsinnlegg p\u00e5 Norske historiedagar, Sogndal 3.\u20135.5.2013.<\/p>\n","protected":false},"excerpt":{"rendered":"<p>I h\u00f8ve 50-\u00e5rsjubileet for storkommunen Luster vart Hege Roll-Hansen og eg spurde av kommunen om gjere ei historiefagleg gransking av samansl\u00e5ingsprosessen. Artikkelen vart skriven i 2012\/13 og prenta i 2016. Hovudpublikasjon Roll-Hansen, Hege, og Oddmund L. Hoel. (2016). Kommunesamansl\u00e5inga i &hellip; <a href=\"https:\/\/www.krundalen.no\/blogg\/tekstar\/tidsskriftartiklar-faglege\/kommunesamanslainga-luster-hafslo-jostedalen-i-1963-under-utgjeving\/\">Les meir <span class=\"meta-nav\">&rarr;<\/span><\/a><\/p>\n","protected":false},"author":2,"featured_media":0,"parent":109,"menu_order":2,"comment_status":"open","ping_status":"open","template":"","meta":{"_acf_changed":false,"footnotes":""},"class_list":["post-1138","page","type-page","status-publish","hentry"],"acf":[],"_links":{"self":[{"href":"https:\/\/www.krundalen.no\/blogg\/wp-json\/wp\/v2\/pages\/1138"}],"collection":[{"href":"https:\/\/www.krundalen.no\/blogg\/wp-json\/wp\/v2\/pages"}],"about":[{"href":"https:\/\/www.krundalen.no\/blogg\/wp-json\/wp\/v2\/types\/page"}],"author":[{"embeddable":true,"href":"https:\/\/www.krundalen.no\/blogg\/wp-json\/wp\/v2\/users\/2"}],"replies":[{"embeddable":true,"href":"https:\/\/www.krundalen.no\/blogg\/wp-json\/wp\/v2\/comments?post=1138"}],"version-history":[{"count":7,"href":"https:\/\/www.krundalen.no\/blogg\/wp-json\/wp\/v2\/pages\/1138\/revisions"}],"predecessor-version":[{"id":1405,"href":"https:\/\/www.krundalen.no\/blogg\/wp-json\/wp\/v2\/pages\/1138\/revisions\/1405"}],"up":[{"embeddable":true,"href":"https:\/\/www.krundalen.no\/blogg\/wp-json\/wp\/v2\/pages\/109"}],"wp:attachment":[{"href":"https:\/\/www.krundalen.no\/blogg\/wp-json\/wp\/v2\/media?parent=1138"}],"curies":[{"name":"wp","href":"https:\/\/api.w.org\/{rel}","templated":true}]}}