{"id":1305,"date":"2016-03-26T16:46:30","date_gmt":"2016-03-26T14:46:30","guid":{"rendered":"http:\/\/www.krundalen.no\/blogg\/?page_id=1305"},"modified":"2018-12-01T22:28:49","modified_gmt":"2018-12-01T20:28:49","slug":"to-kapittel-i-norsk-sprakhistorie-under-arbeid","status":"publish","type":"page","link":"https:\/\/www.krundalen.no\/blogg\/tekstar\/b%c3%b8ker\/to-kapittel-i-norsk-sprakhistorie-under-arbeid\/","title":{"rendered":"To kapittel i Norsk spr\u00e5khistorie (2018)"},"content":{"rendered":"<p>Firebandsverket <em>Norsk spr\u00e5khistorie<\/em> er det nye vitskaplege referanseverket p\u00e5 feltet, og bak prosjektet st\u00e5r ei rekkje spr\u00e5kforskarar ved norske universitet og h\u00f8gskular. Hovudredakt\u00f8rar er Agnete Nesse og Helge Sand\u00f8y, og utgjevar er Novus forlag. Band 1 kom i 2016, og band 2, 3 og 4 kom i 2018.<\/p>\n<p><a href=\"http:\/\/nsh.novus.no\/\">Nettstaden til prosjektet<\/a><\/p>\n<p>Eg har skrive to kapittel:<\/p>\n<p><strong><a href=\"http:\/\/www.krundalen.no\/blogg\/wp-content\/uploads\/2016\/03\/NSH-III-omslag.png\"><img loading=\"lazy\" decoding=\"async\" class=\"alignleft size-thumbnail wp-image-1439\" src=\"http:\/\/www.krundalen.no\/blogg\/wp-content\/uploads\/2016\/03\/NSH-III-omslag-150x210.png\" alt=\"\" width=\"150\" height=\"210\" srcset=\"https:\/\/www.krundalen.no\/blogg\/wp-content\/uploads\/2016\/03\/NSH-III-omslag-150x210.png 150w, https:\/\/www.krundalen.no\/blogg\/wp-content\/uploads\/2016\/03\/NSH-III-omslag-300x421.png 300w, https:\/\/www.krundalen.no\/blogg\/wp-content\/uploads\/2016\/03\/NSH-III-omslag.png 660w\" sizes=\"(max-width: 150px) 100vw, 150px\" \/><\/a>I band III <em>Ideologi,<\/em>\u00a0redigert av Tove Bull:<br \/>\nKapittel 1. Norsk spr\u00e5khistorieskriving<\/strong><\/p>\n<p>Side 51\u2013148. Utgjeve i juni 2018. Sj\u00e5 <a href=\"http:\/\/www.krundalen.no\/blogg\/wp-content\/uploads\/2016\/03\/Bd3-kap1-innhald-29sept17.pdf\">f\u00f8rebels innhaldsliste til kapittel 1 <\/a>(pdf)<\/p>\n<p><a href=\"http:\/\/nsh.novus.no\/bind-iii\/\">Om band 3<\/a> (Novus)<\/p>\n<p>&nbsp;<\/p>\n<p><a href=\"http:\/\/www.krundalen.no\/blogg\/wp-content\/uploads\/2016\/03\/NSH-IV-omslag.png\"><img loading=\"lazy\" decoding=\"async\" class=\"alignleft size-thumbnail wp-image-1438\" src=\"http:\/\/www.krundalen.no\/blogg\/wp-content\/uploads\/2016\/03\/NSH-IV-omslag-150x210.png\" alt=\"\" width=\"150\" height=\"210\" srcset=\"https:\/\/www.krundalen.no\/blogg\/wp-content\/uploads\/2016\/03\/NSH-IV-omslag-150x210.png 150w, https:\/\/www.krundalen.no\/blogg\/wp-content\/uploads\/2016\/03\/NSH-IV-omslag-300x421.png 300w, https:\/\/www.krundalen.no\/blogg\/wp-content\/uploads\/2016\/03\/NSH-IV-omslag.png 660w\" sizes=\"(max-width: 150px) 100vw, 150px\" \/><br \/>\n<\/a><strong>I band IV <em>Tidslinjer,<\/em>\u00a0redigert av Agnete Nesse:<br \/>\nKapittel 7. Unionstida med Sverige (1814\u20131905)<\/strong><\/p>\n<p>Side 425\u2013502. Utgjeve i november 2018. Sj\u00e5 <a href=\"http:\/\/www.krundalen.no\/blogg\/wp-content\/uploads\/2016\/03\/Kapittel-7-Hoel-innhald-16feb2016.pdf\">f\u00f8rebels innhaldsliste til kapittel 7 <\/a>(pdf)<\/p>\n<p><a href=\"http:\/\/nsh.novus.no\/bind-iv\/\">Om band 4<\/a> (Novus)<\/p>\n","protected":false},"excerpt":{"rendered":"<p>Firebandsverket Norsk spr\u00e5khistorie er det nye vitskaplege referanseverket p\u00e5 feltet, og bak prosjektet st\u00e5r ei rekkje spr\u00e5kforskarar ved norske universitet og h\u00f8gskular. Hovudredakt\u00f8rar er Agnete Nesse og Helge Sand\u00f8y, og utgjevar er Novus forlag. Band 1 kom i 2016, og &hellip; <a href=\"https:\/\/www.krundalen.no\/blogg\/tekstar\/b%c3%b8ker\/to-kapittel-i-norsk-sprakhistorie-under-arbeid\/\">Les meir <span class=\"meta-nav\">&rarr;<\/span><\/a><\/p>\n","protected":false},"author":2,"featured_media":0,"parent":108,"menu_order":0,"comment_status":"closed","ping_status":"closed","template":"","meta":{"_acf_changed":false,"footnotes":""},"class_list":["post-1305","page","type-page","status-publish","hentry"],"acf":[],"_links":{"self":[{"href":"https:\/\/www.krundalen.no\/blogg\/wp-json\/wp\/v2\/pages\/1305"}],"collection":[{"href":"https:\/\/www.krundalen.no\/blogg\/wp-json\/wp\/v2\/pages"}],"about":[{"href":"https:\/\/www.krundalen.no\/blogg\/wp-json\/wp\/v2\/types\/page"}],"author":[{"embeddable":true,"href":"https:\/\/www.krundalen.no\/blogg\/wp-json\/wp\/v2\/users\/2"}],"replies":[{"embeddable":true,"href":"https:\/\/www.krundalen.no\/blogg\/wp-json\/wp\/v2\/comments?post=1305"}],"version-history":[{"count":18,"href":"https:\/\/www.krundalen.no\/blogg\/wp-json\/wp\/v2\/pages\/1305\/revisions"}],"predecessor-version":[{"id":1551,"href":"https:\/\/www.krundalen.no\/blogg\/wp-json\/wp\/v2\/pages\/1305\/revisions\/1551"}],"up":[{"embeddable":true,"href":"https:\/\/www.krundalen.no\/blogg\/wp-json\/wp\/v2\/pages\/108"}],"wp:attachment":[{"href":"https:\/\/www.krundalen.no\/blogg\/wp-json\/wp\/v2\/media?parent=1305"}],"curies":[{"name":"wp","href":"https:\/\/api.w.org\/{rel}","templated":true}]}}