{"id":162,"date":"2007-05-16T09:43:46","date_gmt":"2007-05-16T07:43:46","guid":{"rendered":"http:\/\/www.krundalen.no\/blogg\/?page_id=162"},"modified":"2007-05-16T09:43:46","modified_gmt":"2007-05-16T07:43:46","slug":"norigs-maallag-1906-1914-1915","status":"publish","type":"page","link":"https:\/\/www.krundalen.no\/blogg\/tekstar\/6-kjelder-og-andre-tekstar\/norigs-maallag-1906-1914-1915\/","title":{"rendered":"Norigs maallag 1906-1914 (1915)"},"content":{"rendered":"<p><a href=\"http:\/\/www.krundalen.no\/blogg\/wp-content\/uploads\/2007\/05\/nm_1906-1914.jpg\" title=\"nm_1906-1914.jpg\"><img decoding=\"async\" align=\"right\" src=\"http:\/\/www.krundalen.no\/blogg\/wp-content\/uploads\/2007\/05\/nm_1906-1914.forhaandsvisning.jpg\" alt=\"nm_1906-1914.jpg\" title=\"nm_1906-1914.jpg\" \/><\/a><em>Norigs maallag 1906-1914.<\/em> (1915). Ved skrivaren premierl\u00f8ytnant Edv. Os. Oslo: Norigs maallag.<\/p>\n<p><a href=\"http:\/\/www.krundalen.no\/blogg\/wp-content\/uploads\/2007\/05\/nm_1906-1914.jpg\" title=\"nm_1906-1914.jpg\"><img decoding=\"async\" src=\"http:\/\/www.krundalen.no\/blogg\/wp-content\/uploads\/2007\/04\/pdf.gif\" alt=\"Pdf-ikon\" \/><\/a>\u00a0<a href=\"http:\/\/krundalen.no\/tekstar\/NM_1906-1914.pdf\">fulltekst<\/a> (pdf, 3,9 Mb)<\/p>\n<p><a href=\"http:\/\/ask.bibsys.no\/ask\/action\/show?pid=991619250&amp;kid=biblio\">Bibsys-oppf\u00f8ring<\/a><\/p>\n<p>Innhald: Om m\u00e5lmannsstemna 1906 (skipingsm\u00f8tet), \u00e5rsm\u00f8ta\/m\u00e5lmannsstemna 1908, 1909, 1912 og 1914, arbeidet i fylkeslaga og eit oversyn over stoda for nynorsken i Noreg\u00a01914\/15.<\/p>\n","protected":false},"excerpt":{"rendered":"<p>Norigs maallag 1906-1914. (1915). Ved skrivaren premierl\u00f8ytnant Edv. Os. Oslo: Norigs maallag. \u00a0fulltekst (pdf, 3,9 Mb) Bibsys-oppf\u00f8ring Innhald: Om m\u00e5lmannsstemna 1906 (skipingsm\u00f8tet), \u00e5rsm\u00f8ta\/m\u00e5lmannsstemna 1908, 1909, 1912 og 1914, arbeidet i fylkeslaga og eit oversyn over stoda for nynorsken i Noreg\u00a01914\/15.<\/p>\n","protected":false},"author":2,"featured_media":0,"parent":160,"menu_order":1,"comment_status":"open","ping_status":"open","template":"","meta":{"_acf_changed":false,"footnotes":""},"class_list":["post-162","page","type-page","status-publish","hentry"],"acf":[],"_links":{"self":[{"href":"https:\/\/www.krundalen.no\/blogg\/wp-json\/wp\/v2\/pages\/162"}],"collection":[{"href":"https:\/\/www.krundalen.no\/blogg\/wp-json\/wp\/v2\/pages"}],"about":[{"href":"https:\/\/www.krundalen.no\/blogg\/wp-json\/wp\/v2\/types\/page"}],"author":[{"embeddable":true,"href":"https:\/\/www.krundalen.no\/blogg\/wp-json\/wp\/v2\/users\/2"}],"replies":[{"embeddable":true,"href":"https:\/\/www.krundalen.no\/blogg\/wp-json\/wp\/v2\/comments?post=162"}],"version-history":[{"count":0,"href":"https:\/\/www.krundalen.no\/blogg\/wp-json\/wp\/v2\/pages\/162\/revisions"}],"up":[{"embeddable":true,"href":"https:\/\/www.krundalen.no\/blogg\/wp-json\/wp\/v2\/pages\/160"}],"wp:attachment":[{"href":"https:\/\/www.krundalen.no\/blogg\/wp-json\/wp\/v2\/media?parent=162"}],"curies":[{"name":"wp","href":"https:\/\/api.w.org\/{rel}","templated":true}]}}