{"id":789,"date":"2011-02-17T22:11:53","date_gmt":"2011-02-17T20:11:53","guid":{"rendered":"http:\/\/www.krundalen.no\/blogg\/?page_id=789"},"modified":"2016-02-15T23:55:58","modified_gmt":"2016-02-15T21:55:58","slug":"mal-og-modernisering-1868-1940-bok-2011","status":"publish","type":"page","link":"https:\/\/www.krundalen.no\/blogg\/tekstar\/b%c3%b8ker\/mal-og-modernisering-1868-1940-bok-2011\/","title":{"rendered":"M\u00e5l og modernisering 1868-1940 (bok 2011)"},"content":{"rendered":"<p><a href=\"http:\/\/www.krundalen.no\/blogg\/wp-content\/uploads\/2011\/02\/omslag-maalogmodernisering.jpg\"><img loading=\"lazy\" decoding=\"async\" class=\"alignleft size-thumbnail wp-image-784\" style=\"border: white 5px solid;\" title=\"Omslag M\u00e5l og modernisering 1868-1940\" src=\"http:\/\/www.krundalen.no\/blogg\/wp-content\/uploads\/2011\/02\/omslag-maalogmodernisering-150x203.jpg\" alt=\"Omslag M\u00e5l og modernisering 1868-1940\" width=\"150\" height=\"203\" align=\"right\" srcset=\"https:\/\/www.krundalen.no\/blogg\/wp-content\/uploads\/2011\/02\/omslag-maalogmodernisering-150x203.jpg 150w, https:\/\/www.krundalen.no\/blogg\/wp-content\/uploads\/2011\/02\/omslag-maalogmodernisering-300x406.jpg 300w, https:\/\/www.krundalen.no\/blogg\/wp-content\/uploads\/2011\/02\/omslag-maalogmodernisering.jpg 755w\" sizes=\"(max-width: 150px) 100vw, 150px\" \/><\/a>Hoel, Oddmund L\u00f8kensgard. (2011). <em>Norsk m\u00e5lreising. M\u00e5l og modernisering 1868-1940.\u00a0<\/em>(Bd. 2). Oslo: Det Norske Samlaget. (539 s.)<\/p>\n<p>ISBN 978-82-521-7446-5<\/p>\n<p>Bokutg\u00e5va av doktoravhandlinga mi. Start\u00e5ret for framstillinga er 1868, ikkje 1885 som i avhandlinga. Framstillinga er elles noko nedkorta, prim\u00e6rt ved at eit par bakgrunns- og teorikapittel er tekne ut. Band 1 i verket <em>Norsk m\u00e5lreising <\/em>er <em>Spr\u00e5k og nasjon 1739-1868 <\/em>av Jens Johan Hyvik.<\/p>\n<p><strong>Meir om boka<\/strong><br \/>\n<a href=\"http:\/\/www.samlaget.no\/Fakta%20og%20dokumentar\/Spraak\/Maal-og-modernisering-1868-1940-Norsk-maalreising-Band-II\/Innbunden.aspx\">Bokomtale<\/a> (Samlaget)<br \/>\n<a href=\"http:\/\/www.krundalen.no\/blogg\/wp-content\/uploads\/2011\/02\/innhaldsliste_maalogmodernisering.pdf\">Innhaldliste<\/a>\u00a0(pdf)<br \/>\n<a href=\"http:\/\/www.krundalen.no\/blogg\/?page_id=544\">Samandrag<\/a>\u00a0(av avhandlinga)<br \/>\n<a href=\"http:\/\/www.krundalen.no\/blogg\/?page_id=590\">Presentasjon av avhandlinga p\u00e5 disputasen 20.11.09<\/a><br \/>\n<a href=\"http:\/\/www.krundalen.no\/blogg\/?page_id=240\">Om doktoravhandlinga<\/a> (med digital utg\u00e5ve av kapitla som ikkje er med i boka).<br \/>\nOria-oppf\u00f8ringar (<a href=\"http:\/\/bibsys-almaprimo.hosted.exlibrisgroup.com\/primo_library\/libweb\/action\/search.do?fn=search&amp;ct=search&amp;initialSearch=true&amp;mode=Basic&amp;tab=default_tab&amp;indx=1&amp;dum=true&amp;srt=rank&amp;vid=BIBSYS&amp;frbg=&amp;vl%28freeText0%29=m%C3%A5l+og+modernisering+oddmund+hoel&amp;scp.scps=scope%3A%28BIBSYS_ILS%29%2Cscope%3A%28SC_OPEN_ACCESS%29%2Cscope%3A%28%22BIBSYS%22%29%2Cprimo_central_multiple_fe\">bokutg\u00e5va <\/a>| <a href=\"http:\/\/bibsys-almaprimo.hosted.exlibrisgroup.com\/primo_library\/libweb\/action\/search.do?fn=search&amp;ct=search&amp;initialSearch=true&amp;mode=Basic&amp;tab=default_tab&amp;indx=1&amp;dum=true&amp;srt=rank&amp;vid=BIBSYS&amp;frbg=&amp;vl%28freeText0%29=m%C3%A5lreising+og+modernisering+1885+oddmund+hoel&amp;scp.scps=scope%3A%28BIBSYS_ILS%29%2Cscope%3A%28SC_OPEN_ACCESS%29%2Cscope%3A%28%22BIBSYS%22%29%2Cprimo_central_multiple_fe\">avhandlinga<\/a>)<br \/>\n<a href=\"https:\/\/www.cristin.no\/app\/projects\/show.jsf?id=355108\">Prosjektside i Cristin<\/a><\/p>\n<p><strong>Media\/debatt<br \/>\n<\/strong><a href=\"http:\/\/www.krundalen.no\/SA-bokomtale.pdf\">Ny bok om m\u00e5lreising<\/a>\u00a0(intervju), <em>Sogn Avis<\/em> 17.1.2011<br \/>\nIntervju p\u00e5 Radio Luster, 28.1.2011<br \/>\n<a href=\"http:\/\/www.krundalen.no\/blogg\/?page_id=811\">Det nynorske byproblemet\u00a0<\/a> (artikkel), <em>Syn og Segn<\/em> 1\/2011<br \/>\n<a title=\"By og lang - mann mot mann\" href=\"http:\/\/www.krundalen.no\/blogg\/wp-content\/uploads\/2011\/02\/BT-3mars11.pdf\">By og land &#8211; mann mot mann<\/a> (artikkel), <em>Bergens Tidende <\/em>3.3.2011<br \/>\n<a href=\"http:\/\/www.krundalen.no\/blogg\/?page_id=836\">Milit\u00e6rpolitikk framfor m\u00e5lsak<\/a>\u00a0(artikkel), <em>Dag og Tid <\/em>4.3.2011<br \/>\n<a href=\"http:\/\/www.krundalen.no\/blogg\/wp-content\/uploads\/2011\/02\/DT-3mars11.pdf\">Tilbakegangen kom ikkje av krigen<\/a>\u00a0(intervju), <em>Dag og Tid<\/em> 4.3.2011<br \/>\n<a href=\"http:\/\/dagogtid.no\/nyhet.cfm?nyhetid=1974\">Atterslaget som m\u00e5tte koma <\/a>(bokmelding), av Klaus Johan Myrvoll, <em>Dag og Tid<\/em> 11.3.2011<br \/>\nM\u00e5lr\u00f8rsla og byane (innlegg),\u00a0av Gaute Losneg\u00e5rd (innlegg), <em>Dag og Tid <\/em>11.3.2011<br \/>\n<a href=\"http:\/\/www.krundalen.no\/blogg\/?p=869\">Spr\u00e5khistorie som samfunnshistorie<\/a>, <em>Dag og Tid <\/em>18.3.2011<br \/>\nKrigen og m\u00e5lr\u00f8rsla (innlegg), av Oddvar Skre, <em>Dag og Tid <\/em>18.3.2011<br \/>\nEi suksesshistorie (intervju), <em>Adresseavisen<\/em> 21.3.2011<br \/>\nM\u00e5lreising i akt\u00f8rperspektiv (bokmelding), av Heming Gujord, <em>Bergens Tidende<\/em> 21.3.2011<br \/>\nDet store hamskiftet (bokmelding), av Olaf Almenningen, <em>Klassekampen <\/em>30.4.2011<br \/>\n<a href=\"https:\/\/www.idunn.no\/ht\/2013\/02\/oddmund_loekensgard_hoel_maal_og_modernisering_18681940\">Bokmelding<\/a>, av Torbj\u00f6rn Nilsson, <em>Historisk Tidsskrift<\/em>, nr. 2, 2013, s. 306-311.<\/p>\n","protected":false},"excerpt":{"rendered":"<p>Hoel, Oddmund L\u00f8kensgard. (2011). Norsk m\u00e5lreising. M\u00e5l og modernisering 1868-1940.\u00a0(Bd. 2). Oslo: Det Norske Samlaget. (539 s.) ISBN 978-82-521-7446-5 Bokutg\u00e5va av doktoravhandlinga mi. Start\u00e5ret for framstillinga er 1868, ikkje 1885 som i avhandlinga. Framstillinga er elles noko nedkorta, prim\u00e6rt ved &hellip; <a href=\"https:\/\/www.krundalen.no\/blogg\/tekstar\/b%c3%b8ker\/mal-og-modernisering-1868-1940-bok-2011\/\">Les meir <span class=\"meta-nav\">&rarr;<\/span><\/a><\/p>\n","protected":false},"author":2,"featured_media":0,"parent":108,"menu_order":3,"comment_status":"open","ping_status":"open","template":"","meta":{"_acf_changed":false,"footnotes":""},"class_list":["post-789","page","type-page","status-publish","hentry"],"acf":[],"_links":{"self":[{"href":"https:\/\/www.krundalen.no\/blogg\/wp-json\/wp\/v2\/pages\/789"}],"collection":[{"href":"https:\/\/www.krundalen.no\/blogg\/wp-json\/wp\/v2\/pages"}],"about":[{"href":"https:\/\/www.krundalen.no\/blogg\/wp-json\/wp\/v2\/types\/page"}],"author":[{"embeddable":true,"href":"https:\/\/www.krundalen.no\/blogg\/wp-json\/wp\/v2\/users\/2"}],"replies":[{"embeddable":true,"href":"https:\/\/www.krundalen.no\/blogg\/wp-json\/wp\/v2\/comments?post=789"}],"version-history":[{"count":25,"href":"https:\/\/www.krundalen.no\/blogg\/wp-json\/wp\/v2\/pages\/789\/revisions"}],"predecessor-version":[{"id":1280,"href":"https:\/\/www.krundalen.no\/blogg\/wp-json\/wp\/v2\/pages\/789\/revisions\/1280"}],"up":[{"embeddable":true,"href":"https:\/\/www.krundalen.no\/blogg\/wp-json\/wp\/v2\/pages\/108"}],"wp:attachment":[{"href":"https:\/\/www.krundalen.no\/blogg\/wp-json\/wp\/v2\/media?parent=789"}],"curies":[{"name":"wp","href":"https:\/\/api.w.org\/{rel}","templated":true}]}}