{"id":848,"date":"2011-03-04T11:56:45","date_gmt":"2011-03-04T09:56:45","guid":{"rendered":"http:\/\/www.krundalen.no\/blogg\/?page_id=848"},"modified":"2025-04-23T17:28:14","modified_gmt":"2025-04-23T15:28:14","slug":"8-alle-publikasjonar-kronologisk","status":"publish","type":"page","link":"https:\/\/www.krundalen.no\/blogg\/tekstar\/8-alle-publikasjonar-kronologisk\/","title":{"rendered":"9 Alle publikasjonar (kronologisk)"},"content":{"rendered":"<p><em>Dette er ikkje med:<br \/>\n* <a href=\"http:\/\/www.krundalen.no\/blogg\/?page_id=887\">l<\/a><\/em><em><a href=\"http:\/\/www.krundalen.no\/blogg\/?page_id=887\">eksikonartiklar<\/a><br \/>\n* <\/em><em>nettsideartiklar<br \/>\n* transkripsjonar og kjeldeomtaler (ein god del publiserte hj\u00e5 <a href=\"http:\/\/www.historielaget.jostedal.no\/\">Jostedal historielag<\/a>)<br \/>\n* kortare politiske\/polemiske tekstar (lesarbrev o.l.)<br \/>\n<\/em><\/p>\n<p>Gjerde, Marthe, Oddmund L. Hoel and Atle Nesje (2023). The \u2018Little Ice Age\u2019 advance of Nigardsbreen, Norway: A cross-disciplinary revision of the chronological framework. <em>The Holocene<\/em>, 1-14. [<a href=\"https:\/\/hdl.handle.net\/11250\/3089101\">fulltekst<\/a>]<\/p>\n<p>(2021).\u00a0<em>Jostedalen \u2013 a brief historical overview.<\/em>\u00a0Upublisert f\u00f8redrag p\u00e5 vertskapsseminar for reiselivstilsette, Breheimsenteret 3.8.2021. [<a href=\"http:\/\/www.krundalen.no\/blogg\/wp-content\/uploads\/2021\/08\/Jostedalen-%E2%80%93-a-brief-historical-overview-2021.pdf\">presentasjon<\/a>]<\/p>\n<p>(2020). Samferdsle f\u00f8r bilen \u2013 skysstellet i Jostedalen. <em>Jostedal skule- og bygdeavis,<\/em> 75\u201377.<\/p>\n<p>(2020). Folkeh\u00f8gskulekvinna Mette Dahl \u2013 eit portrett. <em>\u00c5rbok for Sogn<\/em>, 32\u201359.<\/p>\n<p>(2020).\u00a0Nynorskforfattarar reiser heim. Fire Garborg-forteljingar &#8211; fire museum. Nordisk museologi (nr. 1), 57\u201374. [<a href=\"https:\/\/journals.uio.no\/museolog\/article\/view\/7968\">fulltekst<\/a>]<\/p>\n<p>(2019). Sogn og Fjordane. L\u00e6rarfylket. <em>Kjelda<\/em> (nr. 2), 22\u201327.\u00a0\u2013 Saman med Gunnar Yttri.<\/p>\n<p>(2019). Elvef\u00f8rebygging etter 1898-flaumen. <em>Jostedal skule- og bygdeavis<\/em> (nr. 63), 89\u201391.<\/p>\n<p>(2019). Valjuks i Jostedalen [i 1844]. <em>Jostedal skule- og bygdeavis<\/em> (nr. 63), 93.<\/p>\n<p>(2019). <em>Hadde 34,1 prosent av folkeskuleelevane nynorsk i 1944?<\/em> Upublisert sesjonsinnlegg p\u00e5 M\u00f8te om norsk spr\u00e5k (MONS), Trondheim 28.11.2019.<\/p>\n<p>(2019). <em>Kommentar til &laquo;Bauta. H\u00f8yanger Kjemiske Industriarbeiderforening 1986-2016&raquo;.<\/em> Innlegg p\u00e5 lanseringsseminar, H\u00f8yanger 1.4.2019.<\/p>\n<p>(2019). <em>Ei klimakrise for 250 \u00e5r sidan \u2013 konsekvensar av den vesle istida i Jostedalen.<\/em> F\u00f8redrag p\u00e5 Statsarkivet i Bergen, 6.3.2019.<\/p>\n<p>(2019). Dei nynorske prinsippa. <em>Norsk Tidend<\/em> (nr. 1), 12\u201315. [<a href=\"https:\/\/issuu.com\/norsktidend\/docs\/nt-01-19\/12\">fulltekst<\/a>]<\/p>\n<p>(2019). <em>Dansk i svensketida.<\/em> Innlegg p\u00e5 lanseringa av Norsk spr\u00e5khistorie I-IV, Nasjonalbiblioteket i Oslo 22.1.2019. [<a href=\"http:\/\/krohnargument.no\/2019\/01\/23\/dansk-i-svensketida\/\">fulltekst<\/a>]<\/p>\n<p>(2018). 50 \u00e5r med sentralskule i Jostedalen. <em>Jostedal skule- og bygdeavis<\/em> (nr. 62), 84\u201385. [<a href=\"http:\/\/www.krundalen.no\/blogg\/wp-content\/uploads\/2018\/12\/JSA-2018-50-\u00e5r-sentralskule.pdf\">fulltekst<\/a>]<\/p>\n<p>(2018). Siste nytt fr\u00e5 1600-talet: Prestes\u00f8knaden til Henrik Nitter. <em>Jostedal skule- og bygdeavis<\/em> (nr. 62), 90\u201391.\u00a0[<a href=\"http:\/\/www.krundalen.no\/blogg\/?page_id=1234\">fulltekst<\/a>]<\/p>\n<p>(2018). Forretningsmannen og m\u00e5lmannen Henrik Krohn. <em>\u00c5rbok for Sogn<\/em>, 102\u2013135. [<a href=\"https:\/\/urn.nb.no\/URN:NBN:no-nb_digitidsskrift_2024090283001_001\">fulltekst Nasjonalbiblioteket<\/a>]<\/p>\n<p>(2018). Kapittel 7. Unionstida med Sverige (1814\u20131905). I Agnete Nesse (red.), <em>Norsk spr\u00e5khistorie. Tidslinjer\u00a0<\/em>(Bd. 4, s. 425\u2013502). Oslo: Novus.\u00a0[<a href=\"http:\/\/www.krundalen.no\/blogg\/?page_id=1305\">omtale og innhaldsliste<\/a>]<\/p>\n<p>(2018).\u00a0Store verdiar til liten nytte. Elektrisitetsutbygginga i Sogn og Fjordane f\u00f8r 1940. <em>Heimen<\/em> (nr. 2), 106\u2013121. [<a href=\"https:\/\/www.idunn.no\/heimen\/2018\/02\/store_verdiar_til_liten_nytte\">fulltekst, Idunn<\/a>]<\/p>\n<p>(2018). Kapittel 1. Norsk spr\u00e5khistorieskriving. I Tove Bull (red.), <em>Norsk spr\u00e5khistorie. Ideologi <\/em>(Bd. 3, s. 51\u2013148). Oslo: Novus.\u00a0[<a href=\"http:\/\/www.krundalen.no\/blogg\/?page_id=1305\">omtale og innhaldsliste<\/a>]<\/p>\n<p>(2018). <em>Eit samanliknande blikk p\u00e5 dei fire Garborg-musea.<\/em> Upublisert sesjonsinnlegg p\u00e5 Norske historiedagar, Kristiansand\u00a01.\u20133.6.2018.<\/p>\n<p>(2018). <em>Orden i eige hus. Historiefaglege, kulturelle og forskingsmessige konsekvensar for kjeldematerialet etter kommunereforma.<\/em> Upublisert f\u00f8redrag p\u00e5 Kontaktkonferansen til Fylkesarkivet i Sogn og Fjordane, Sogndal 29.5.2018. [<a href=\"https:\/\/www.fylkesarkivet.no\/kontaktkonferansen-2018.6123426-384267.html\">presentasjon<\/a>]<\/p>\n<p>(2018). &laquo;Friluftsliv&raquo; i bygdene p\u00e5 1800-talet? <em>Turmagasinet 2018<\/em>. Sogn og Fjordane Turlag, 36\u201338. [<a href=\"https:\/\/issuu.com\/findriv\/docs\/turmagasinet_2018\/36\">fulltekst<\/a>]<\/p>\n<p>(2018). <em>Soga om Sogn og Fjordane. Det store l\u00e6rarfylket.<\/em> Upublisert f\u00f8redrag p\u00e5 seminar i Vestlandske samfunnsfaglag, Bergen 20.3.2018.<\/p>\n<p>(2018). <em>Soga om Sogn og Fjordane. Annleisfylket.<\/em> Laurdagsf\u00f8rdraget, Luster bibliotek, Gaupne 17.3.2018.<\/p>\n<p>(2018).\u00a0<em>Soga om Sogn og Fjordane: Kvifor vart me annleis?\u00a0<\/em>Upublisert f\u00f8redrag for Senioruniversitetet i F\u00f8rde, 14.2.2018.<\/p>\n<p>(2017). Siste nytt fr\u00e5 1600-talet: Klagebrev fr\u00e5 presten i 1667. <em>Jostedal skule- og bygdeavis<\/em> (nr. 61), 107\u2013108. [<a href=\"http:\/\/www.krundalen.no\/blogg\/?page_id=1234\">fulltekst<\/a>]<\/p>\n<p>(2017). Stor utvandring fr\u00e5 Jostedalen til Nord-Amerika. <em>Jostedal skule- og bygdeavis<\/em> (nr. 61), 104\u2013106. [<a href=\"http:\/\/www.krundalen.no\/blogg\/wp-content\/uploads\/2011\/03\/Utvandring-JSA-2017.pdf\">fulltekst<\/a>]<\/p>\n<p>(2017). <em>Striden mellom junggrammatikken og strukturalismen i norsk spr\u00e5kforsking fr\u00e5 1930- til 1960-\u00e5ra<\/em>. Upublisert innlegg p\u00e5 M\u00f8te om norsk spr\u00e5k (MONS), Solstrand 22.11.2017. [<a href=\"http:\/\/www.krundalen.no\/blogg\/wp-content\/uploads\/2011\/03\/Oddmund-MONS-presentasjon-2017.pdf\">presentasjon<\/a>]<\/p>\n<p>(2017).\u00a0<em>Flor\u00f8 og fylket. Kyst og tettstadutvikling i Sogn og Fjordane etter 1945.<\/em>\u00a0Upublisert f\u00f8redrag p\u00e5 lanseringa av &laquo;Historia om Flora&raquo;, band 3, Flora samfunnshus 9.11.2017. [<a href=\"http:\/\/www.krundalen.no\/blogg\/wp-content\/uploads\/2007\/05\/Lansering-Flora-bd-3-10nov17-Oddmund-Hoel.pdf\">presentasjon<\/a>]<\/p>\n<p>(2017). <em>Soga om Sogn og Fjordane. Fjordfylket p\u00e5 nye vegar 1875\u20131945.<\/em> (Bd. 3). Bergen: Fagbokforlaget. 320 s. [<a href=\"http:\/\/www.krundalen.no\/blogg\/?page_id=1296\">omtale og utdrag<\/a>]<\/p>\n<p>(2017). <em>Language on display: cultural and didactic relevance? Nynorsk author museums<\/em>. Paper on TRAUM Workshop, Hamar\u00f8y 14.\u201317.9.2017. \u2013 Saman med Eli Bj\u00f8rhusdal<\/p>\n<p>(2017). <em>Jostedalen \u2013 a brief historical overview.<\/em> Upublisert f\u00f8redrag p\u00e5 informasjonsm\u00f8te for reiselivstilsette, Breheimsenteret 9.7.2017. [<a href=\"http:\/\/www.krundalen.no\/blogg\/wp-content\/uploads\/2011\/03\/Hoel-Jostedalen-\u2013-a-brief-historical-overview.pdf\">presentasjon<\/a>]<\/p>\n<p>(2017). <em>Kvifor sein og fragmentert elektrifisering i Sogn og Fjordane f\u00f8r 1945? <\/em>Upublisert sesjonsinnlegg p\u00e5 Norske historiedagar, Trondheim 24.\u201326.6.2017.\u00a0[<a href=\"https:\/\/www.idunn.no\/heimen\/2018\/02\/store_verdiar_til_liten_nytte\">fulltekst av artikkelversjon 2018, Idunn<\/a>]<\/p>\n<p>(2017). Maalkassa \u2013 landslaget for m\u00e5lsaka f\u00f8r Noregs M\u00e5llag. I Knut E. Karlsen, m.fl. (red.), <em>I teneste for nynorsken. Heidersskrift til Olaf Almenningen 70 \u00e5r<\/em> (s. 97\u2013119). Oslo: Novus. [<a href=\"http:\/\/www.krundalen.no\/blogg\/?page_id=1430\">omtale<\/a>]<\/p>\n<p>(2017). <em>Eit spr\u00e5kpolitisk tilbakeblikk. <\/em>F\u00f8redrag p\u00e5 Vinterseminaret til Noregs M\u00e5llag, Bryne 11.\u201312.2.2017. [<a href=\"http:\/\/www.krundalen.no\/blogg\/wp-content\/uploads\/2007\/05\/Oddmund-Bryne-11feb17-manus-og-presentasjon.pdf\">manus og presentasjon<\/a>]<\/p>\n<p>(2016). Kommunesamansl\u00e5inga i 1963. <em>Luster. Lokalhistorisk \u00e5rbok<\/em> (nr. 7), 67\u201384. \u2013 Saman med Hege Roll-Hansen [<a href=\"http:\/\/www.krundalen.no\/blogg\/?page_id=1138\">omtale<\/a>]<\/p>\n<p>(2016). Sigd, st\u00f8lsmeieri og sigarar \u2013 tradisjon og endring i jordbruket i Sogn fr\u00e5 1870-\u00e5ra til andre verdskrigen. <em>\u00c5rbok for Sogn,<\/em> 78\u201397. [<a href=\"https:\/\/urn.nb.no\/URN:NBN:no-nb_digitidsskrift_2018101981238_001\">fulltekst, Nasjonalbiblioteket<\/a>]<\/p>\n<p>(2016). Siste nytt fr\u00e5 1600-talet: Mislukka kommunereform i 1630-\u00e5ra. <em>Jostedal skule- og bygdeavis<\/em> (nr. 60), 97\u201398. [<a href=\"http:\/\/www.krundalen.no\/blogg\/?page_id=1234\">fulltekst<\/a>]<\/p>\n<p>(2016). 100 \u00e5r sidan fyrste bilruta til Jostedalen. <em>Jostedal skule- og bygdeavis<\/em> (nr. 60), 88\u201390. [<a href=\"http:\/\/www.krundalen.no\/blogg\/wp-content\/uploads\/2007\/05\/JSA-2016-100-\u00e5r-sidan-fyrste-bilruta.pdf\">fulltekst<\/a>]<\/p>\n<p>(2016). <em>Language on display: cultural and didactic relevance?<\/em> Paper on TRAUM Symposium and Workshop, Oslo 20.\u201321.9.2016. \u2013 Saman med Eli Bj\u00f8rhusdal<\/p>\n<p>(2016). <em>Fylkesbaatane som f\u00f8red\u00f8me. Alternativ modernisering i Sogn og Fjordane?<\/em> Upublisert sesjonsinnlegg p\u00e5 Fjordkonferansen, Loen 21.\u201322.6.2016.<\/p>\n<p>(2016). <em>L\u00e6raren som inntak til regionale skilnader. Sogn og Fjordane som d\u00f8me.<\/em> Upublisert sesjonsinnlegg p\u00e5 Norske historiedagar, Volda 15.\u201317.6.2016. \u2013 Saman med Gunnar Yttri<\/p>\n<p>(2015, 8. desember). Ap-soga i Luster [melding av <em>Bygdene og folket<\/em>]. <em>Sogn Avis<\/em>, s. 13.<\/p>\n<p>(2015). Siste nytt fr\u00e5 1600-talet: Den fyrste fattige josted\u00f8len. <em>Jostedal skule- og bygdeavis<\/em> (nr. 59), 116\u2013117. [<a href=\"http:\/\/www.krundalen.no\/blogg\/?page_id=1234\">fulltekst<\/a>]<\/p>\n<p>(2015). Unikt bilete av kyrkja og prestegarden har kome for ein dag. <em>Jostedal skule- og bygdeavis<\/em> (nr. 59), 112\u2013113. [<a href=\"http:\/\/www.krundalen.no\/blogg\/wp-content\/uploads\/2007\/05\/Baade-bilete-2015.pdf\">fulltekst<\/a>]<\/p>\n<p>(2015). <em>Jostedalen i bistandshistorisk perspektiv.<\/em> Upublisert f\u00f8redrag for leiargruppa i Kirkens N\u00f8dhjelp, Jostedal hotell 19.8.2015.<\/p>\n<p>(2015). <em>Krigen i Luster og Sogn.<\/em> Upublisert f\u00f8redrag p\u00e5 m\u00f8te i Luster pensjonistlag, Jostedal hotell 26.6.2015.<\/p>\n<p>(2014). Vala til riksforsamlinga 1814 i Sogn og haugianarane i Luster. <em>\u00c5rbok for Sogn,<\/em> 24\u201343. [<a href=\"http:\/\/www.krundalen.no\/blogg\/?page_id=1157\">omtale<\/a> | <a href=\"http:\/\/www.krundalen.no\/blogg\/wp-content\/uploads\/2011\/03\/Hoel-\u00c5rbok-for-Sogn-2014.pdf\">fulltekst<\/a>]<\/p>\n<p>(2014). 1814: Val til riksforsamlinga og &laquo;uordener&raquo; i Kroken. <em>Jostedal skule- og bygdeavis<\/em> (nr. 58), 92\u201395. [<a href=\"http:\/\/www.krundalen.no\/blogg\/wp-content\/uploads\/2007\/05\/1814-i-JSA-2014.pdf\">fulltekst <\/a>| <a href=\"http:\/\/www.krundalen.no\/blogg\/?page_id=1157\">omtale<\/a>]<\/p>\n<p>(2014). 100 \u00e5r sidan Jostedalen fekk telefon. <em>Jostedal skule- og bygdeavis<\/em> (nr. 58), 100\u2013105. [<a href=\"http:\/\/www.krundalen.no\/blogg\/wp-content\/uploads\/2007\/05\/Hoel-Telefon-100-\u00e5r-JSA-2014.pdf\">fulltekst<\/a>]<\/p>\n<p>(2014). Siste nytt fr\u00e5 1600-talet: Skatteting i \u00c5sen 1667. <em>Jostedal skule- og bygdeavis<\/em> (nr. 58), 107. [<a href=\"http:\/\/www.krundalen.no\/blogg\/?page_id=1234\">fulltekst<\/a>]<\/p>\n<p>(2014). Bokomtale: Fr\u00e5 Holck til Hegg\u00f8. Fargerike stortingsfigurar i ny bok. <em>\u00c5rbok H\u00f8yanger<\/em>, 94\u201395.<\/p>\n<p>(2014). 1814 &#8211; det mirakul\u00f8se \u00e5ret i Lavik prestegjeld. <em>\u00c5rbok H\u00f8yanger<\/em>, 78\u201385. \u2013 Saman Jan Anders Timberlid. [<a href=\"http:\/\/www.krundalen.no\/blogg\/?page_id=1157\">omtale<\/a>]<\/p>\n<p>(2014). <em>1814 sett fr\u00e5 Nordre Bergenhus.<\/em> Upublisert f\u00f8relesing for Senioruniversitetet i F\u00f8rde, 12.11.2014. [<a href=\"http:\/\/www.krundalen.no\/blogg\/wp-content\/uploads\/2011\/03\/1814-sett-fr\u00e5-Nordre-Bergenhus-F\u00f8rde-18nov14.pdf\">presentasjon<\/a>] [<a href=\"http:\/\/www.krundalen.no\/blogg\/?page_id=1157\">omtale av artikkel<\/a>]<\/p>\n<p>(2014). <em>Luster i 1814.<\/em> Upublisert laurdagsf\u00f8redrag p\u00e5 Luster bibliotek, 8.11.2014. [<a href=\"http:\/\/www.krundalen.no\/blogg\/?page_id=1157\">omtale<\/a>]<\/p>\n<p>(2014, 28. oktober). Sentraliserande kommunereform. <em>Sogn Avis<\/em> (kronikk). [<a href=\"http:\/\/www.krundalen.no\/blogg\/?p=1187\">fulltekst<\/a>]<\/p>\n<p>(2014). <em>\u00c5ret 1814 i Sogn. <\/em>Upublisert f\u00f8redrag p\u00e5 1814-seminar i L\u00e6rdal kulturhus. Arr: 1814-nemnda i L\u00e6rdal og H\u00f8gskulen i Sogn og Fjordane. [<a href=\"http:\/\/www.krundalen.no\/blogg\/wp-content\/uploads\/2007\/05\/\u00c5ret-1814-i-Sogn-L\u00e6rdal-19juni14.pdf\">presentasjon<\/a>] [<a href=\"http:\/\/www.krundalen.no\/blogg\/?page_id=1157\">omtale<\/a>]<\/p>\n<p>(2014). Dei fyrste valmenn og r\u00f8ystef\u00f8re i Sogn med vekt p\u00e5 Jostedalen og Luster. I Jens Johan Hyvik, Oddmund L. Hoel og Harald Kr\u00f8vel (red.), <em>Med p\u00e5halden penn? 1814 sett fr\u00e5 Nordvestlandet og Telemark<\/em> (s. 397\u2013427). Oslo: Novus forlag. [<a href=\"http:\/\/www.krundalen.no\/blogg\/?page_id=1157\">fulltekst<\/a>]<\/p>\n<p>(2014). Innleiing. I Jens Johan Hyvik, Oddmund L. Hoel, og Harald Kr\u00f8vel (red.), <em>Med p\u00e5halden penn? 1814 sett fr\u00e5 Nordvestlandet og Telemark<\/em> (s. 9\u201348). Oslo: Novus forlag. \u2013 Skriven i lag med Jens Johan Hyvik og Harald Kr\u00f8vel. [<a href=\"http:\/\/www.krundalen.no\/blogg\/?page_id=1157\">omtale<\/a> | <a href=\"https:\/\/www.academia.edu\/30307442\/Innleiing_til_boka_Med_p%C3%A5halden_penn._1814_sett_fr%C3%A5_Nordvestlandet_og_Telemark_\">fulltekst<\/a>]<\/p>\n<p>(2014). <em>1814 i Jostedalen: val til Eidsvoll, ein auksjon i Kroken og ein oppfarande prest.<\/em> Upublisert f\u00f8redrag p\u00e5 Grunnlovskveld i Berget, Jostedalen, 12. juni 2014. Arr: Jostedal historielag, Jostedal helselag, Folkeakademiet i Luster og Luster bibliotek. [<a href=\"http:\/\/www.krundalen.no\/blogg\/?page_id=1157\">omtale<\/a>]<\/p>\n<p>(2014, 18. mars). Bededagen i 1814 \u2013 ein studie i oppr\u00f8r. <em>Firda<\/em> (kronikk) \u2013 Saman med Jan Anders Timberlid. \u2013 \u00d2g prenta i <em>Firdaposten<\/em> (18.3.), <em>Sogn Avis<\/em> (19.3.), <em>Firda Tidend<\/em> (19.3.2014) og <em>Ytre Sogn<\/em> (25.3.2014). \u2013 F\u00f8lgt opp med debattinnlegg i <em>Sogn Avis<\/em> 31.3.2014. [<a href=\"http:\/\/www.hisf.no\/no\/for_tilsette\/arkiv_informasjon_til_tilsette\/bededagen_18_mars_1814_ein_studie_i_opproer\">fulltekst, kronikken<\/a>] [<a href=\"http:\/\/www.krundalen.no\/blogg\/?page_id=1157\">omtale<\/a>]<\/p>\n<p>(2014). <em>Tettstadutvikling og industrialisering i Sogn og Fjordane 1885-1945.<\/em> Upublisert f\u00f8redrag p\u00e5 seminaret &laquo;\u00d8konomisk og regional utvikling i Sogn og Fjordane 1850-2000&raquo;, Stryn 30.1.2014.<\/p>\n<p>(2013). Luster kommune 50 \u00e5r. <em>Lustranytt<\/em> (nr. 2), 2\u20135.\u00a0&#8211; Saman med Hege Roll Hansen [<a href=\"http:\/\/www.krundalen.no\/blogg\/?page_id=1138\">fulltekst<\/a>]<\/p>\n<p>(2013). Ivar Aasen i Jostedalen 1855. <em>Jostedal skule- og bygdeavis <\/em>(nr. 57), 90. [<a href=\"http:\/\/www.historielaget.jostedal.no\/?page_id=2890\">fulltekst<\/a>]<\/p>\n<p>(2013). Jostedalen og kommunesamansl\u00e5inga i 1963. <em>Jostedal skule- og bygdeavis <\/em>(nr. 57), 93\u201395. &#8211; Saman med Hege Roll Hansen [<a href=\"http:\/\/www.krundalen.no\/blogg\/?page_id=1138\">fulltekst<\/a>]<\/p>\n<p>(2013). Siste nytt fr\u00e5 1600-talet. Harde tider i Mj\u00f8lver alt p\u00e5 1600-talet. <em>Jostedal skule- og bygdeavis <\/em>(nr. 57), 96\u201397. [<a href=\"http:\/\/www.krundalen.no\/blogg\/?page_id=1234\">fulltekst<\/a>]<\/p>\n<p>(2013). Sogndal folkeh\u00f8gskule som sentrum for m\u00e5lreisinga 1870\u20131900. <em>\u00c5rbok for Sogn<\/em>, 121\u2013133. [<a href=\"http:\/\/www.krundalen.no\/blogg\/?page_id=1115\">fulltekst<\/a>]<\/p>\n<p>(2013). <em>Framveksten av demokratiet i Sogn og Fjordane.<\/em> Upublisert f\u00f8redrag p\u00e5 Gaularseminaret, \u00c5mot operagard, 5.11.2013. [<a href=\"http:\/\/www.krundalen.no\/blogg\/?page_id=1110\">presentasjon<\/a>]<\/p>\n<p>(2013). Tilh\u00f8vet mellom m\u00e5lr\u00f8rsla og Arbeidarpartiet 1890\u20131940. <em>Arbeiderhistorie. \u00c5rbok for arbeiderbevegelsens arkiv og bibliotek<\/em>, 41\u201359. [<a href=\"http:\/\/www.krundalen.no\/blogg\/?page_id=1098\">omtale<\/a>]<\/p>\n<p>(2013). <em>Nasjonsbyggjing p\u00e5 norsk.<\/em> Upublisert f\u00f8redrag p\u00e5 seminaret &laquo;M\u00e5lreising, fridomsstrev og nasjonsbyggjing&raquo; i h\u00f8ve 200-\u00e5rsminnet for Ivar Aasen, Vestmannalaget, Litteraturhuset i Bergen 27.09.2013. [<a href=\"http:\/\/www.litthusbergen.no\/program\/ukedager\/fredag\/vestmannalaget\/\">program<\/a>]<\/p>\n<p>(2013). <em>Kommunesamansl\u00e5inga i 1963.<\/em> Upublisert tale p\u00e5 festmiddag for kommunestyret og r\u00e5dmannsgruppa i Luster, Jostedal hotell 21.9.2013.\u00a0\u2013 \u00d2g halde i omarbeidde versjonar p\u00e5 middag i h\u00f8ve 40-\u00e5rsjubileet i Luster pensjonistlag 25.10.2013 og p\u00e5 jubileumstilstelling for kommunestyret 19.12.2013.\u00a0[<a href=\"http:\/\/www.krundalen.no\/blogg\/?page_id=1138\">omtale<\/a>]<\/p>\n<p>(2013). <em>K\u00e5seri om Ivar Aasen.<\/em> Ivar Aasen-kveld i skulehuset i Prestgarden, Jostedal historielag, 19.9.2013. [<a href=\"http:\/\/www.historielaget.jostedal.no\/?p=2843\">program<\/a>]<\/p>\n<p>(2013). <em>Den tvitydige moderniseringa. Politikk og kultur i Sogn og Fjordane fram til andre verdskrigen.<\/em> Folk og fylke f\u00f8r og no. Seminar i h\u00f8ve 250-\u00e5rsjubileet til Sogn og Fjordane fylke, H\u00f8gskulen i Sogn og Fjordane 18.9.2013. [<a href=\"http:\/\/www.sfj250.no\/folk-og-fylkefor-og-no-historieseminar\">program<\/a>]<\/p>\n<p>(2013). <em>Er det nynorske byproblemet eit B\u00f8-problem?<\/em> Upublisert f\u00f8redrag p\u00e5 m\u00f8te i B\u00f8 m\u00e5llag, B\u00f8 i Telemark, 11.9.2013.<\/p>\n<p>(2013). <em>Spr\u00e5ket i nasjonsbygginga &#8211; kampen for nynorsk i dag.<\/em> Upublisert f\u00f8redrag p\u00e5 seminaret &laquo;Stemmene i spr\u00e5ket&raquo;, Diktardagar Lom-Skj\u00e5k-V\u00e5g\u00e5, 1.8.2013. [<a href=\"http:\/\/www.litthusbergen.no\/program\/ukedager\/fredag\/vestmannalaget\/\">program<\/a>]<\/p>\n<p>(2013).\u00a0<em>M\u00e5lreisinga i Sogn og Fjordane 1870\u20131900 &#8211; om Sogndal som regionalt og nasjonalt m\u00e5lreisingssentrum.<\/em>\u00a0Upublisert f\u00f8redrag p\u00e5 Seniordansen til Sogndal folkeh\u00f8gskule, 18.6.2013. [<a href=\"http:\/\/www.krundalen.no\/blogg\/?page_id=1115\">fulltekst<\/a>]<\/p>\n<p>(2013).\u00a0<em>Kulturelle og politiske skilnader i Sogn og Fjordane kring 1900.<\/em>\u00a0Upublisert sesjonsinnlegg p\u00e5 Norske historiedagar, 3.\u20135.5.2013 i Sogndal.<\/p>\n<p>(2013). Bygdefeminisme for stemmerett. <em>Kvinnestemmer fr\u00e5 Sogn og Fjordane<\/em> [nettstad]. \u2013 Saman med Eli Bj\u00f8rhusdal [<a href=\"http:\/\/kvinnestemmer.net\/bygdefeminisme-for-stemmerett\/\">fulltekst<\/a>]<\/p>\n<p>(2013). Fylkeshistoria \u00e5r for \u00e5r [notisar 1763\u20132013]. <em>Jubileumsavis for Sogn og Fjordane<\/em> (nr. 1), 3\u201347. \u2013 Saman med Hege Roll-Hansen, og Anders Timberlid [<a href=\"http:\/\/issuu.com\/findriv\/docs\/s_og_fj_jubileumsmagasin\">fulltekst<\/a>]<\/p>\n<p>(2013). Offentlege krisetiltak i Jostedalen 1742-43.\u00a0<em>Heimen<\/em>\u00a0(nr. 1), 65\u201383. [<a href=\"http:\/\/www.krundalen.no\/blogg\/?page_id=1059\">omtale<\/a>]<\/p>\n<p>(2013).\u00a0<em>Rolla til Sogn i den tidlegaste m\u00e5lreisinga.<\/em>\u00a0Upublisert f\u00f8redrag p\u00e5 m\u00f8te 13.2.2013 i h\u00f8ve Spr\u00e5k\u00e5ret, Sogndal bibliotek og Sogndal m\u00e5llag. [<a href=\"http:\/\/www.krundalen.no\/blogg\/?page_id=1115\">fulltekst<\/a>]<\/p>\n<p>(2013). Eit maskulint prosjekt? Kj\u00f8nnsperspektiv p\u00e5 m\u00e5lreisinga 1885\u20131940. I Jens Johan Hyvik og Stephen Walton (red.),\u00a0<em>&laquo;Der var ruskut \u00e5 leggja utp\u00e5&raquo;. Ti \u00e5r med mastergraden i nynorsk skriftkultur<\/em>\u00a0(s. 83\u2013100). Oslo: Novus Forlag. [<a href=\"http:\/\/www.krundalen.no\/blogg\/?page_id=1046\">fulltekst<\/a>]<\/p>\n<p>(2012). Siste nytt fr\u00e5 1600-talet. H\u00f8yrde Jostedalen til Luster eller Hafslo etter nyryddinga? <em>Jostedal skule- og bygdeavis <\/em>(nr. 56), 107\u2013110. [<a href=\"http:\/\/www.krundalen.no\/blogg\/?page_id=1234\">fulltekst<\/a>]<\/p>\n<p>(2012). <em>M\u00e5l og modernisering. Norsk m\u00e5lsoge p\u00e5 1800- og 1900-talet.<\/em> Upublisert f\u00f8redrag p\u00e5 samling for norskl\u00e6rarar ved Firda og Valdres, Sogndal 18.10.2012 [<a href=\"http:\/\/www.krundalen.no\/blogg\/wp-content\/uploads\/2011\/03\/Maalsoge-innlegg-Sogndal-18okt2012.pptx\">presentasjon<\/a>]<\/p>\n<p>(2012, 11. oktober). Verdilaus forsking om \u00e9in karakter i norsk. <em>Bergens Tidende <\/em>[kronikk].\u00a0[<a href=\"http:\/\/www.krundalen.no\/blogg\/?p=1015\">fulltekst<\/a>]<\/p>\n<p>(2012).\u00a0<em>Det lokale, 1814 og Grunnlova &#8211; bakgrunnen for prosjektet.<\/em>\u00a0Upublisert innlegg p\u00e5 forfattarseminar for prosjektet &laquo;Det lokale, 1814 og Grunnlova&raquo;, Volda 7.\u20138.9.2012. [<a href=\"http:\/\/www.hit.no\/nor\/HiT\/Forskning\/Forskningsaktiviteter\/Spraak-litteratur-og-historie\/1814\">Om prosjektet<\/a>]<\/p>\n<p>(2012).\u00a0<em>Kyrkjebok for Jostedalen 1733\u20131751.<\/em>\u00a0Avskrift og innleiing ved Oddmund L. Hoel. Jostedalen: Jostedal historielag. [<a href=\"http:\/\/www.historielaget.jostedal.no\/?page_id=1401\">omtale og fulltekst<\/a>]<\/p>\n<p>(2012).\u00a0<em>Kva er viktig for dei nynorske kjerneomr\u00e5da?<\/em>\u00a0Upublisert innleiing p\u00e5 sumarleiren til Norsk M\u00e5lungdom, Jostedalen 14.7.2012.<\/p>\n<p>(2012).\u00a0<em>Med breen i tunet. Kulturhistorisk vandring i Mj\u00f8lvergrendi.<\/em>\u00a0Upublisert f\u00f8redrag under Norsk brefestival, Jostedalen 17.6.2012. [<a href=\"http:\/\/www.krundalen.no\/blogg\/?page_id=983\">hefte og kjeldeliste<\/a>]<\/p>\n<p>(2012). <em>Milit\u00e6rpolitikken sin innverknad p\u00e5 tilh\u00f8vet mellom arbeidarr\u00f8rsla og m\u00e5lr\u00f8rsla fr\u00e5 1890-\u00e5ra til kring 1920.<\/em> Upublisert f\u00f8redrag under seminaret \u201dArbeiderhistorie \u2013 nasjonal, internasjonal og transnasjonal\u201d, Norske historiedagar, Bod\u00f8 4.\u20136.5.2012. [<a href=\"http:\/\/www.krundalen.no\/blogg\/?page_id=1098\">tidsskriftversjon 2013<\/a>]<\/p>\n<p>(2012).\u00a0Regjeringskrise p\u00e5 m\u00e5lsaka.\u00a0<em>M\u00e5l og makt<\/em>\u00a0(nr. 1), 36\u201338. [<a href=\"http:\/\/www.krundalen.no\/blogg\/?page_id=974\">fulltekst<\/a>]<\/p>\n<p>(2012).\u00a0<em>Kongeleg naudhjelp til Jostedalen. Brevekst og krise i 1740-\u00e5ra.<\/em>\u00a0Upublisert f\u00f8redrag i Jostedal historielag, 1.3.2012. [<a href=\"http:\/\/www.krundalen.no\/blogg\/?page_id=964\">presentasjon og kjelder<\/a>]<\/p>\n<p>(2012, 3. februar). Kristins time. <em>Dag og Tid<\/em> (kronikk), s. 31 [<a href=\"http:\/\/www.krundalen.no\/blogg\/?p=949\">fulltekst<\/a> &#8211; <a href=\"http:\/\/www.krundalen.no\/blogg\/wp-content\/uploads\/2011\/03\/2012-02-03_Kristins-time-DT.pdf\">PDF<\/a>]<\/p>\n<p>(2012, 2. februar). Halvorsens \u00e5tak p\u00e5 nynorsken. <em>Bergens Tidende<\/em>, s. 28. [<a href=\"http:\/\/www.krundalen.no\/blogg\/?p=941\">fulltekst<\/a> &#8211; <a href=\"http:\/\/www.krundalen.no\/blogg\/wp-content\/uploads\/2011\/03\/2012-02-02-innlegg-bt.pdf\">PDF<\/a>]<\/p>\n<p>(2011).\u00a0Gardar tekne av sn\u00f8skred i Jostedalen.\u00a0<em>Jostedal skule- og bygdeavis\u00a0<\/em>(nr. 55), 85-87. [<a href=\"http:\/\/www.krundalen.no\/artiklar\/2011-snoskred-JSA.pdf\">fulltekst<\/a>]<\/p>\n<p>(2011). Siste nytt fr\u00e5 1600-talet. Jostedalen del av Hafslo prestegjeld kring 1615.\u00a0<em>Jostedal skule- og bygdeavis\u00a0<\/em>(nr. 55), 87. [<a href=\"http:\/\/www.krundalen.no\/blogg\/?page_id=1234\">fulltekst<\/a>]<\/p>\n<p>(2011). <em>Language conflict and urbanization in Norway 1885-1930. <\/em>Paper on The 101st Annual Meeting of The Society for the Advancement of Scandinavian Study, Chicago, April 28-30, 2011.<\/p>\n<p>(2011). <em>International prototypes for the New Norwegian language movement 1860-1920.<\/em> Paper &#8211; Workshop on &laquo;Language Revival Movements in Europe&raquo;, hosted by the Institute for Research in Irish Historical &amp; Cultural Traditions, University of Ireland, Maynooth, March 10-11, 2011.<\/p>\n<p>(2011, 4. mars). Milit\u00e6rpolitikk framfor m\u00e5lsak. <em>Dag og Tid,<\/em> s. 22-23. [<a href=\"http:\/\/www.krundalen.no\/blogg\/?page_id=836\">fulltekst<\/a>]<\/p>\n<p>(2011, 3. mars). By og land &#8211; mann mot mann. <em>Bergens Tidende<\/em>, s. 7. [<a href=\"http:\/\/www.krundalen.no\/blogg\/wp-content\/uploads\/2007\/05\/BT-3mars11.pdf\">fulltekst<\/a>]<\/p>\n<p>(2011). Det nynorske byproblemet. <em>Syn og Segn <\/em>(nr. 1),\u00a020-30. [<a href=\"http:\/\/www.krundalen.no\/blogg\/?page_id=811\">omtale<\/a>]<\/p>\n<p>(2011). <em>Byproblemet til m\u00e5lr\u00f8rsla. <\/em>Uprenta innlegg p\u00e5 Nynorsk fagdag, Oslo 18.2.2011. [<a href=\"http:\/\/www.krundalen.no\/blogg\/?page_id=811\">prenta versjon<\/a>]<\/p>\n<p>(2011). <em>Norsk m\u00e5lreising. M\u00e5l og modernisering 1868-1940.\u00a0<\/em>(Bd. 2). Oslo: Det Norske Samlaget. [<a href=\"http:\/\/www.krundalen.no\/blogg\/?page_id=789\">omtale<\/a>]<\/p>\n<p>(2010, 17. desember). Farvel til klammene [intervju med Oddmund L. Hoel, Grete Riise, Rolf Theil og Gro Morken Endresen]. <em>Dag og Tid, <\/em>s. 6-7. [<a href=\"http:\/\/dagogtid.no\/nyhet.cfm?nyhetid=1911\">fulltekst<\/a>]<\/p>\n<p>(2010). D\u00e5 Matthias Foss m\u00e5tte g\u00e5 til Dale p\u00e5 bispevisitas. <em>Jostedal skule- og bygdeavis <\/em>(nr. 54), 87-88. [<a href=\"http:\/\/www.krundalen.no\/blogg\/?page_id=762\">fulltekst<\/a>]<\/p>\n<p>(2010). <em>Sokneprest til fots. Ei strevsam visitasferd i 1745. <\/em>Upublisert\u00a0tale p\u00e5 &laquo;bispegraut&raquo; i Jostedal samfunnshus 6.11.2010. [<a href=\"http:\/\/www.krundalen.no\/blogg\/?page_id=762\">prenta versjon<\/a>]<\/p>\n<p>(2010). <em>Det ringaste prestekallet i landet. Om korleis allmuge og prest i Jostedalen m\u00e5tte stri for f\u00f8da p\u00e5 16- og 1700-talet. <\/em>Upublisert f\u00f8redrag p\u00e5 Eldredagen i Luster, 1.10.2010.<\/p>\n<p>(2010). <em>Studentm\u00e5llaget 110 \u00e5r. SmiO-soga p\u00e5 30 minutt. <\/em>Upublisert innlegg p\u00e5 Haustseminar i Noregs M\u00e5llag\/Jubileumsseminar i Studentm\u00e5llaget i Oslo, Oslo 4.9.2010. [<a href=\"http:\/\/www.krundalen.no\/blogg\/?page_id=736\">fulltekst<\/a>]<\/p>\n<p>(2010). <em>Noko om prestelivet i Jostedalen p\u00e5 16- og 1700-talet, og mest om den ulukkelege Matthias Foss. <\/em>Uprenta k\u00e5seri p\u00e5 festkvelden til Jostdal sokner\u00e5d p\u00e5 Breheimsenteret 26.6.2010 i h\u00f8ve lanseringa av boka om Jostedal kyrkje. [<a href=\"http:\/\/www.krundalen.no\/blogg\/?page_id=720\">fulltekst<\/a>]<\/p>\n<p>(2010). Kap. X Det ringaste prestekallet i landet, og kap. XI Jostedal prestegard. I K\u00e5re \u00d8vregard, m.fl. (red.), <em>Jostedal kyrkje. Fakta, segn og soge gjennom 350 \u00e5r<\/em> (s. 169-211). Leikanger: Skald forlag. [<a href=\"http:\/\/www.krundalen.no\/blogg\/?page_id=706\">fulltekst<\/a>]<\/p>\n<p>(2010). <em>The Norwegian Language Question. <\/em>Paper &#8211; Workshop on &laquo;Language Revival Movements in Europe&raquo;, hosted by the Study Platform on Interlocking Nationalisms (SPIN), University of Amsterdam 4.6.2010.<\/p>\n<p>(2010, 28. januar). Grisgrendtfylke nummer 1. <em>Bergens Tidende <\/em>[kronikk]. &#8211; Og prenta i <em>Nationen<\/em>, 30. januar. [<a href=\"http:\/\/www.krundalen.no\/blogg\/?p=639\">fulltekst<\/a>]<\/p>\n<p>(2009). Ny bok om rein og reinsjakt. <em>Jostedal skule- og bygdeavis<\/em> (nr. 53), 100.<\/p>\n<p>(2009). P\u00e5 jakt etter mellomalderkyrkja i Jostedalen [intervju med Stig Nordrumshaugen]. <em>Jostedal skule- og bygdeavis<\/em> (nr. 53), 94-95. [<a href=\"http:\/\/www.historielaget.jostedal.no\/?page_id=739\">fulltekst<\/a>]<\/p>\n<p>(2009). <em>M\u00e5lreising og modernisering i Noreg 1885-1940. <\/em>Presentasjon av avhandlinga p\u00e5 disputas for ph.d-graden, Noregs teknisk-vitskaplege universitet, Trondheim 20. november 2009. [<a href=\"http:\/\/www.krundalen.no\/blogg\/?page_id=590\">fulltekst<\/a>]<\/p>\n<p>(2009). <em>M\u00e5l og maskulinitet. Kj\u00f8nnsperspektiv p\u00e5 m\u00e5lsaka som ideologisk, kulturelt, spr\u00e5kleg og organisatorisk fenomen 1885-1940. <\/em>Uprenta pr\u00f8vef\u00f8relesing (oppgjeve emne) for ph.d.-graden 20.11.2009, Noregs teknisk-naturvitskaplege universitet, Trondheim. [<a href=\"http:\/\/www.krundalen.no\/blogg\/?page_id=601\">fulltekst<\/a>]<\/p>\n<p>(2009). <em>M\u00e5lreising og modernisering i Noreg 1885-1940. <\/em>Avhandling (ph.d.). Trondheim: NTNU, Det humanistiske fakultetet. [<a href=\"http:\/\/www.krundalen.no\/blogg\/?page_id=240\">omtale, innhald og samandrag<\/a>]<\/p>\n<p>(2009). <em>M\u00e5lstrid, modernisering og rasjonalitet. <\/em>Uprenta essay p\u00e5 ph.d.-kurset \u201cVitskapsteori og profesjonsetikk&raquo;, H\u00f8gskolen i Oslo. [<a href=\"http:\/\/www.krundalen.no\/blogg\/?page_id=468\">fulltekst<\/a>]<\/p>\n<p>(2008). Straum i 50 \u00e5r. <em>Jostedal skule- og bygdeavis <\/em>(nr. 52), 88-89. [<a href=\"http:\/\/www.krundalen.no\/artiklar\/2008-straum-jostedalen.pdf\">fulltekst<\/a>]<\/p>\n<p>(2007, 18. mai). Motkultur [innlegg]. <em>Klassekampen<\/em>. [<a href=\"http:\/\/www.krundalen.no\/blogg\/?p=155\">fulltekst<\/a>]<\/p>\n<p>(2006). Jostedal m\u00e5llag 100 \u00e5r. <em>Jostedal skule- og bygdeavis<\/em> (nr. 50), 88-89. [<a href=\"http:\/\/www.krundalen.no\/blogg\/?page_id=53\">fulltekst<\/a>]<\/p>\n<p>(2006). D\u00e5 nynorsken kom til Sogn &#8211; glimt fr\u00e5 Jostedalen og L\u00e6rdal. <em>\u00c5rbok for Sogn<\/em>, 48-56. \u2013 Saman Jan Olav Fretland. [<a href=\"http:\/\/www.krundalen.no\/blogg\/?page_id=184\">fulltekst<\/a>]<\/p>\n<p>(2006). Utsendingar fr\u00e5 Sogn og Fjordane p\u00e5 M\u00e5lmannsstemna 1906.\u00a0<em>Kjelda<\/em>\u00a0(3), 26-27. [<a href=\"http:\/\/www.krundalen.no\/blogg\/?page_id=917\">fulltekst<\/a>]<\/p>\n<p>(2006). Fr\u00e5 al-Qaida til US Army. Den organiserte m\u00e5lr\u00f8rsla f\u00f8r 1930. <em>M\u00e5l og makt<\/em> (nr. 1), 10-19. [<a href=\"http:\/\/www.krundalen.no\/blogg\/?page_id=119\">fulltekst<\/a>]<\/p>\n<p>(2006). <em>Det Norske Samlaget mellom spr\u00e5kpolitikk og forlagsverksemd.<\/em> Uprenta tale p\u00e5 \u00e5rsm\u00f8tet i Det Norske Samlaget, Oslo 28.4.2006. [<a href=\"http:\/\/www.krundalen.no\/blogg\/?page_id=75\">fulltekst<\/a>]<\/p>\n<p>(2006). <em>D\u00e5 Noregs M\u00e5llag vart skipa. Referat fr\u00e5 M\u00e5lmannsstemna 4.-5. februar 1906. <\/em>Oslo: Noregs M\u00e5llag. \u2013 Innleiing og redigering. [<a href=\"http:\/\/www.krundalen.no\/blogg\/?page_id=100\">fulltekst<\/a>]<\/p>\n<p>(2006, 3. februar). D\u00e5 Noregs M\u00e5llag vart skipa [intervju]. <em>Stavanger Aftenblad Pluss<\/em>, 20-23. \u2013 \u00d2g prenta i <em>Bergens Tidende magasinet<\/em>, 11. februar, 36-37.<\/p>\n<p>(2005). 1905 i Jostedalen. <em>Jostedal skule- og bygdeavis<\/em> (nr. 49), 6-7. [<a href=\"http:\/\/www.krundalen.no\/blogg\/?page_id=146\">fulltekst<\/a>]<\/p>\n<p>(2005). <em>M\u00e5lr\u00f8rsla i etablerings- og stordomsfasen. <\/em>Uprenta notat til seminar om sosiale r\u00f8rsler, Universitetet i Oslo 5.12.2005.<\/p>\n<p>(2005). <em>Bakgrunnen for riksm\u00e5lsaksjonen hausten 1899. <\/em>Uprenta innlegg p\u00e5 den nasjonale spr\u00e5kkonferansen MONS 11, Bergen 24.-26.11.2005. [<a href=\"http:\/\/www.krundalen.no\/blogg\/?page_id=88\">fulltekst<\/a>]<\/p>\n<p>(2005). Den nasjonale reisinga i Noreg fram mot 1905. <em>\u00c5rbok &#8211; Etne sogelag<\/em>, 7-12. [<a href=\"http:\/\/www.krundalen.no\/blogg\/?page_id=73\">fulltekst<\/a>]<\/p>\n<p>(2005). 1905 i Sogn: unionsoppl\u00f8ysing, republikanisme og m\u00e5lsak. <em>\u00c5rbok for Sogn<\/em>, 60-75. [<a href=\"http:\/\/www.krundalen.no\/blogg\/?page_id=93\">fulltekst<\/a>]<\/p>\n<p>(2005). <em>Dei nynorske intellektuelle. <\/em>Uprenta f\u00f8relesing (presentasjon) for masterstudiet i nynorsk skriftkultur, Ivar Aasen-instituttet, H\u00f8gskulen i Volda 5.10.2005.\u00a0[<a href=\"http:\/\/www.krundalen.no\/blogg\/?page_id=144\">presentasjon<\/a>]<\/p>\n<p>(2005). <em>Utviklinga av ytre norsk spr\u00e5khistorie som forskingsdisiplin. <\/em>Uprenta essay p\u00e5 ph.d.-kurset &laquo;Forsking og samfunn&raquo;, NTNU. [<a href=\"http:\/\/www.krundalen.no\/blogg\/?page_id=80\">fulltekst<\/a>]<\/p>\n<p>(2005). <em>Kollektivt minne som faktor i norsk m\u00e5lstrid. Ein studie med utgangspunkt i stortingsdebatten om jamstellingsvedtaket 1885. <\/em>Uprenta essay p\u00e5 ph.d.-kurset &laquo;Kontinuitet og endring som studiefelt&raquo;, NTNU. [<a href=\"http:\/\/www.krundalen.no\/blogg\/?page_id=77\">fulltekst<\/a>]<\/p>\n<p>(2005). <em>Sogn &#8211; h\u00f8gborg for unionsradikalisme og republikanisme? <\/em>Uprenta f\u00f8redrag p\u00e5 seminaret &laquo;Unionsoppl\u00f8ysinga 1905 i eit lokalt og globalt perspektiv&raquo;, Historisk institutt ved H\u00f8gskulen i Volda og HIFO Nordvestlandet, Volda 25.5.2005. [<a href=\"http:\/\/www.krundalen.no\/blogg\/?page_id=145\">fulltekst<\/a>]<\/p>\n<p>(2005, 19. mai). Med lokal vri p\u00e5 1905 [intervju]. <em>Sogn Avis<\/em>.<\/p>\n<p>(2005). <em>1905 i Sogn<\/em>. Uprenta tale p\u00e5 1905-fest p\u00e5 De Heibergske Samlinger &#8211; Sogn Folkemuseum, Kaupanger 11.5.2005. [<a href=\"http:\/\/www.krundalen.no\/blogg\/?page_id=147\">fulltekst<\/a>]<\/p>\n<p>(2005). 1905 i Sogn. I Kari Aslaug Hasle, m.fl. (red.), <em>Lokale r\u00f8yster i 1905. Unionsoppl\u00f8ysinga i aviser p\u00e5 Nord-Vestlandet <\/em>(s. 27-54). Volda: H\u00f8gskulen i Volda. [<a href=\"http:\/\/www.krundalen.no\/blogg\/?page_id=71\">fulltekst<\/a>]<\/p>\n<p>(2005). <em>Fr\u00e5 r\u00f8rsle til spr\u00e5k &#8211; norsk m\u00e5lreising 1885-1950. <\/em>Uprenta f\u00f8redrag p\u00e5 HALVOPE: Det opne spr\u00e5ket ved halvvegen, konferanse ved H\u00f8gskulen i Volda, 18.2.2005. [<a href=\"http:\/\/www.krundalen.no\/blogg\/?page_id=148\">fulltekst<\/a>]<\/p>\n<p>(2005). Store utfordringar for walisisk m\u00e5l. <em>Norsk Tidend<\/em> (nr. 1), 12-13.<\/p>\n<p>(2004). <em>The Fortunes of the Nynorsk Language in Norway 1885-1950. <\/em>Uprenta f\u00f8redrag i seminarrekkja til University of Wales Centre for Advanced Welsh &amp; Celtic Studies, Aberystwyth, Wales, 16.12.2004. [<a href=\"http:\/\/www.krundalen.no\/blogg\/?page_id=150\">fulltekst<\/a>]<\/p>\n<p>(2003). Kap. 1 Studentm\u00e5llaget tek form, og kap. 2 Mellom venstrestaten og arbeidarpartistaten. I Olaf Almenningen, m.fl. (red.), <em>Studentar i m\u00e5lstrid. Studentm\u00e5llaget i Oslo 1900-2000<\/em> (s. 15-151). Oslo: Samlaget. [<a href=\"http:\/\/www.krundalen.no\/blogg\/?page_id=102\">fulltekst<\/a>]<\/p>\n<p>(2002). <em>Nasjonal nynorsk kunnskapsbase. Prosjektrapport.<\/em> Jostedalen: Det norske Samlaget og Nynorsk kultursentrum. [<a href=\"http:\/\/www.krundalen.no\/blogg\/?page_id=663\">fulltekst<\/a>]<\/p>\n<p>(2002.) Den internasjonale m\u00e5lr\u00f8rsla. I Trond S\u00e6b\u00f8 Skarpeteig (red.): <em>Globalisering og spr\u00e5kpolitikk. Eit debatthefte <\/em>(s. 5-7). Oslo: Noregs M\u00e5llag. [<a href=\"http:\/\/www.krundalen.no\/blogg\/?page_id=136\">fulltekst<\/a>]<\/p>\n<p>(Saman Trond S\u00e6b\u00f8 Skarpeteig.) (2002.) Globalisering av kultur. I Trond S\u00e6b\u00f8 Skarpeteig (red.): <em>Globalisering og spr\u00e5kpolitikk. Eit debatthefte <\/em>(s. 65-70). Oslo: Noregs M\u00e5llag. [<a href=\"http:\/\/www.krundalen.no\/blogg\/?page_id=137\">fulltekst<\/a>]<\/p>\n<p>(2001.) Strategiske utfordringar for m\u00e5lr\u00f8rsla. I H\u00e5vard Teigen og Elisabeth Bakke (red.), <em>Kampen for spr\u00e5ket. Nynorsken mellom det lokale og det globale <\/em>(s. 15-41). Oslo: Samlaget. [<a href=\"http:\/\/www.krundalen.no\/blogg\/?page_id=138\">fulltekst<\/a>]<\/p>\n<p>(2000). M\u00e5lr\u00f8rsla og kampen om det offentlege rommet. <em>M\u00e5l og Makt <\/em>(nr. 4\/1999-1\/2000), 4-10. [<a href=\"http:\/\/www.krundalen.no\/blogg\/?page_id=139\">fulltekst<\/a>] \u2013 Opphavleg halde som innleiing p\u00e5 studentkonferansen til Norsk M\u00e5lungdom i Bergen 12.-13.2.2000.<\/p>\n<p>(1999). Dialektar og sosiolingvistikk. Ei dr\u00f8fting av kva nyare sosiolingvistikk har hatt \u00e5 seie for synet p\u00e5 kva ein dialekt er. <em>Norskrift<\/em> (nr. 98), 51-67. \u2013 Pr\u00f8vef\u00f8relesing til hovudfagseksamen i nordisk. [<a href=\"http:\/\/www.krundalen.no\/blogg\/?page_id=157\">fulltekst<\/a>]<\/p>\n<p>(1999). Digitalisering av nynorsk. M\u00e5lpolitikk og forlagsverksemd. <em>M\u00e5l og makt<\/em> (nr. 1), 14-16.<\/p>\n<p>(1998). Ordtilfanget og m\u00e5lr\u00f8rsla. I Jan Terje Faarlund (red.), <em>Ordtilfanget i nynorsk. Synsm\u00e5tar og r\u00f8ynsler.<\/em> Norsk spr\u00e5kr\u00e5ds skrifter, 5 (s. 75-83). Oslo: Norsk spr\u00e5kr\u00e5d. [<a href=\"http:\/\/www.krundalen.no\/blogg\/?page_id=151\">fulltekst<\/a>]<\/p>\n<p>(1998). M\u00e5lr\u00f8rsla gjennom 150 \u00e5r. <em>Motm\u00e6le<\/em> (nr. 5), 14-16.<\/p>\n<p>(1998). Ivar Aasen som opposisjonell nasjonalist. I \u00d8ystein S\u00f8rensen (red.), <em>Jakten p\u00e5 det norske. Perspektiver p\u00e5 utviklingen av en norsk nasjonal identitet p\u00e5 1800-tallet<\/em> (s. 303-320). Oslo: AdNotam. [<a href=\"http:\/\/www.krundalen.no\/blogg\/?page_id=83\">fulltekst<\/a>]<\/p>\n<p>(1998). Marcus Jacob Monrad som m\u00e5lpolitikar. I Ruth Vatvedt Fjeld og Boye Wangensteen (red.), <em>Normer og regler. Festskrift til Dag Gundersen 15. januar 1998<\/em> (s. 43-58). Oslo: Nordisk forening for leksikografi \u2013 Kunnskapsforlaget. [<a href=\"http:\/\/www.krundalen.no\/blogg\/?page_id=81\">fulltekst<\/a>]<\/p>\n<p>(1997). &laquo;Vi have med Beklagelse seet Ivar Aasens Navn i Spidsen for disse Spogets Babylonere&raquo;. Reaksjonar p\u00e5 Ivar Aasen 1840\u201370. I Geir Hjorthol (red.), <em>Forteljingar om Ivar Aasen. Aasen-resepsjonen i fortid og notid.<\/em> Skrifter fr\u00e5 Ivar Aasen-instituttet, 2 (s. 71-84). Volda: H\u00f8gskulen i Volda. [<a href=\"http:\/\/www.krundalen.no\/blogg\/?page_id=106\">fulltekst<\/a>]<\/p>\n<p>(1997). Language traditionalism and the nationalism conflict after 1814. I Unn R\u00f8yneland (red.), <em>Language contact and language conflict. Proceedings of the International Ivar Aasen Conference, 14-16 November 1996, University of Oslo<\/em> (s. 297-304). Volda: Volda College. [<a href=\"http:\/\/www.krundalen.no\/blogg\/?page_id=86\">fulltekst<\/a>]<\/p>\n<p>(1997). Utviklinga av landsm\u00e5let. I Helge Danielsen og Ruth Hemstad (red.), <em>Jakten p\u00e5 det norske. En utstilling om nasjonal identitet. Norsk folkemuseum, 23.10-01.02.98<\/em> (s. 27-31). Oslo: Museet.<\/p>\n<p>(1997). <em>Ivar Aasen. Livet, verket<\/em> [cd-rom]. Oslo: Samlaget. \u2013 Manus, redaksjon og prosjektleiing.<\/p>\n<p>(1996). Hovudfagsstudenten: Ressurs eller problem i spr\u00e5kforskinga ved INL? <em>Norskrift<\/em> (nr. 87), 29-41.<\/p>\n<p>(1996). Kva ville Aasen? I Asgjerd Ramsfjell Taksdal (red.), <em>Mannen og verket.<\/em> Skrifter fr\u00e5 var Aasen-\u00e5ret 1996, hefte 3 (s. 16-19). Oslo: Ivar Aasen-\u00e5ret 1996.<\/p>\n<p>(1996). <em>Tradisjonalismen og striden om det nasjonale etter 1814. <\/em>F\u00f8redrag p\u00e5 &laquo;Den internasjonale Ivar Aasen-konferansen&raquo;, Oslo 14.-16.11.1996. \u2013 <a href=\"http:\/\/www.krundalen.no\/blogg\/?page_id=86\">Artikkel p\u00e5 engelsk 1997<\/a>.<\/p>\n<p>(1996). <em>Nasjonalisme i norsk m\u00e5lstrid 1848-1865.<\/em> Uprenta f\u00f8redrag i Studentm\u00e5llaget i Oslo og Oslo m\u00e5llag, Blindern 16.10.1996.<\/p>\n<p>(1996). <em>Ivar Aasen &#8211; ein nasjonalromantikar?<\/em> F\u00f8redrag i Laurdagsforum, popul\u00e6rvitskapleg f\u00f8redragsrekkje ved Avd. for nordisk spr\u00e5k og litteratur, Universitetet i Oslo, 12.10.96.<\/p>\n<p>(1996). <em>Ivar Aasen som nasjonalist. <\/em>F\u00f8redrag p\u00e5 seminarrekkja til prosjektet &laquo;Utviklinga av ein norsk nasjonal identitet p\u00e5 1800-talet, Universitetet i Oslo, 7.10.1996. \u2013 <a href=\"http:\/\/www.krundalen.no\/blogg\/?page_id=83\">Artikkel 1998<\/a>.<\/p>\n<p>(1996). <em>Nasjonalisme i norsk m\u00e5lstrid 1848-1865.<\/em> KULTs skriftserie, 51. Oslo: Noregs forskingsr\u00e5d. [<a href=\"http:\/\/www.krundalen.no\/blogg\/?page_id=101\">fulltekst<\/a>]<\/p>\n<p>(1996). <em>Marcus Jacob Monrad som spr\u00e5kpolitikar. M\u00e5lstriden i 1850- og 60-\u00e5ra gjennom augo til ein anti-helt. <\/em>F\u00f8redrag p\u00e5 spr\u00e5kleg instituttseminar, Avd. for nordisk spr\u00e5k og litteratur, Universitetet i Oslo, 26.4.1996. \u2013 <a href=\"http:\/\/www.krundalen.no\/blogg\/?page_id=81\">Artikkel 1998<\/a>.<\/p>\n<p>(1995). Anti-nasjonal spr\u00e5khistorieskriving [melding av Torp\/Vik\u00f8r: Hovuddrag i norsk spr\u00e5khistorie]. <em>M\u00e5l og makt<\/em> (nr. 3), 39-48.<\/p>\n<p>(1995). <em>I skuggen av Aasen? Knud Knudsen og det dansk-norske m\u00e5lstrevet 1845-1965. <\/em>Uprenta innlegg p\u00e5 den nasjonale spr\u00e5kkonferansen MONS 6, Bergen 23.-25.11.1995.<\/p>\n<p>(1995). <em>Nasjonalisme i norsk m\u00e5lstrid p\u00e5 1800-talet. <\/em>Uprenta f\u00f8redrag p\u00e5 konferansen &laquo;Nationalismen og sekelskiftet 1900&raquo;, Europaprogrammet, Universitetet i G\u00f6teborg 19.-20.5.1995.<\/p>\n<p>(1994). 100 \u00e5r sidan fyrste h\u00f8gskuleeksamen p\u00e5 nynorsk. &laquo;Jamv\u00e6l gjentur med bym\u00e5l, vil skriva landsm\u00e5l til eksamen&raquo;. <em>Eg. Meldingsblad for norsk m\u00e5lungdom<\/em> (nr. 6), 15-17.<\/p>\n<p>(1994). <em>Fr\u00e5 motekultur til motkultur. Landsm\u00e5let og det nasjonale i m\u00e5lstriden 1850-1870. <\/em>Uprenta f\u00f8redrag p\u00e5 seminarrekkja til prosjektet &laquo;Utviklinga av ein norsk nasjonal identitet p\u00e5 1800-talet, Universitetet i Oslo, april 1994.<\/p>\n<p>(1994). Varmt forsvar for Indreb\u00f8 [melding av Inger Indreb\u00f8 Eidissen \/ Gustav Indreb\u00f8. Ei livsskildring]. <em>Dag og Tid<\/em> (13.5.).<\/p>\n<p>(1994). Ordb\u00f8kene til Ivar Aasen. Prinsipp og metodar for innsamling og utval av ord. <em>Maal og minne<\/em> (nr. 3\/4), 147-166. \u2013 Semesteroppg\u00e5ve i leksikografi. [<a href=\"http:\/\/www.krundalen.no\/blogg\/?page_id=117\">fulltekst<\/a>]<\/p>\n<p>(1993). Jan Prahl og andre bergensm\u00e5lmenn [melding av Jostein Krokvik \/ Ny Hungrvekja og Jan Prahl]. <em>M\u00e5l og makt<\/em> (nr. 4), 42-51.<\/p>\n<p>(1993). Det gamle arbeidslivet [melding av Einar Hovdhaugen \/ Fr\u00e5 det gamle arbeidslivet]. <em>Dag og Tid<\/em> (16.12.).<\/p>\n<p>(1992). Vegen fram mot spr\u00e5kfredsnemnda. Noko om den m\u00e5lpolitiske kursendringa til Arbeidarpartiet 1945\u20131964. <em>Dragen. Humanistisk orientert tidsskrift<\/em> (nr. 1), 17-27. \u2013 Mellomfagsoppg\u00e5ve i nordisk. [<a href=\"http:\/\/www.krundalen.no\/blogg\/?page_id=91\">fulltekst<\/a>]<\/p>\n<p>(1991). Fosna eller Kristiansund? [melding av Ola Stemshaug \/ Stridane om bynamna Fosna &#8211; Kristiansund]. <em>Eg. Meldingsblad for norsk m\u00e5lungdom<\/em> (nr. 1).<\/p>\n<p>(1989). Striden om normering av stadnamn i etterkrigstida. Motiv, haldningar og motsetnader. <em>Namn og nemne<\/em> (nr. 6), 15-26. \u2013 Mellomfagsoppg\u00e5ve i nordisk. [<a href=\"http:\/\/www.krundalen.no\/blogg\/?page_id=114\">fulltekst<\/a>]<\/p>\n","protected":false},"excerpt":{"rendered":"<p>Dette er ikkje med: * leksikonartiklar * nettsideartiklar * transkripsjonar og kjeldeomtaler (ein god del publiserte hj\u00e5 Jostedal historielag) * kortare politiske\/polemiske tekstar (lesarbrev o.l.) Gjerde, Marthe, Oddmund L. Hoel and Atle Nesje (2023). The \u2018Little Ice Age\u2019 advance of &hellip; <a href=\"https:\/\/www.krundalen.no\/blogg\/tekstar\/8-alle-publikasjonar-kronologisk\/\">Les meir <span class=\"meta-nav\">&rarr;<\/span><\/a><\/p>\n","protected":false},"author":2,"featured_media":0,"parent":30,"menu_order":9,"comment_status":"open","ping_status":"open","template":"","meta":{"_acf_changed":false,"footnotes":""},"class_list":["post-848","page","type-page","status-publish","hentry"],"acf":[],"_links":{"self":[{"href":"https:\/\/www.krundalen.no\/blogg\/wp-json\/wp\/v2\/pages\/848"}],"collection":[{"href":"https:\/\/www.krundalen.no\/blogg\/wp-json\/wp\/v2\/pages"}],"about":[{"href":"https:\/\/www.krundalen.no\/blogg\/wp-json\/wp\/v2\/types\/page"}],"author":[{"embeddable":true,"href":"https:\/\/www.krundalen.no\/blogg\/wp-json\/wp\/v2\/users\/2"}],"replies":[{"embeddable":true,"href":"https:\/\/www.krundalen.no\/blogg\/wp-json\/wp\/v2\/comments?post=848"}],"version-history":[{"count":122,"href":"https:\/\/www.krundalen.no\/blogg\/wp-json\/wp\/v2\/pages\/848\/revisions"}],"predecessor-version":[{"id":1760,"href":"https:\/\/www.krundalen.no\/blogg\/wp-json\/wp\/v2\/pages\/848\/revisions\/1760"}],"up":[{"embeddable":true,"href":"https:\/\/www.krundalen.no\/blogg\/wp-json\/wp\/v2\/pages\/30"}],"wp:attachment":[{"href":"https:\/\/www.krundalen.no\/blogg\/wp-json\/wp\/v2\/media?parent=848"}],"curies":[{"name":"wp","href":"https:\/\/api.w.org\/{rel}","templated":true}]}}